{"id":117105,"date":"2026-09-02T16:19:59","date_gmt":"2026-09-02T14:19:59","guid":{"rendered":"https:\/\/www.kristalia.it\/kvadrat-raf-simons-new-premium-fabrics-in-collection\/"},"modified":"2026-09-02T16:56:10","modified_gmt":"2026-09-02T14:56:10","slug":"kvadrat-raf-simons-neue-premiumstoffe-fuer-die-kollektion","status":"publish","type":"page","link":"https:\/\/www.kristalia.it\/de\/kvadrat-raf-simons-neue-premiumstoffe-fuer-die-kollektion\/","title":{"rendered":"Kvadrat\/Raf Simons: Neue Premiumstoffe f\u00fcr die Kollektion"},"content":{"rendered":"<div class=\"wp-bootstrap-blocks-container container-fluid mb-0 p-0\">\n\t\n\n<div class=\"eiovisual-advanced-image\" id=\"block-6a98fbba1b1f2\">\n    <div class=\"component-image\">\n    \n    <!-- IMAGE -->\n<figure class=\"figure image1 w-100 img-fluid pb-0 w-100 noselect\"> <!-- pb-3 pb-md-0 -->\n\n    \n\n                    <img loading=\"lazy\" decoding=\"async\" width=\"2000\" height=\"1125\" src=\"https:\/\/www.kristalia.it\/wp-content\/uploads\/2026\/09\/HEADER-ORIZZONTALE.jpg\" class=\"image w-100 img-fluid\" alt=\"\" srcset=\"https:\/\/www.kristalia.it\/wp-content\/uploads\/2026\/09\/HEADER-ORIZZONTALE.jpg 2000w, https:\/\/www.kristalia.it\/wp-content\/uploads\/2026\/09\/HEADER-ORIZZONTALE-300x169.jpg 300w, https:\/\/www.kristalia.it\/wp-content\/uploads\/2026\/09\/HEADER-ORIZZONTALE-1024x576.jpg 1024w, https:\/\/www.kristalia.it\/wp-content\/uploads\/2026\/09\/HEADER-ORIZZONTALE-768x432.jpg 768w, https:\/\/www.kristalia.it\/wp-content\/uploads\/2026\/09\/HEADER-ORIZZONTALE-1536x864.jpg 1536w, https:\/\/www.kristalia.it\/wp-content\/uploads\/2026\/09\/HEADER-ORIZZONTALE-1680x945.jpg 1680w, https:\/\/www.kristalia.it\/wp-content\/uploads\/2026\/09\/HEADER-ORIZZONTALE-1280x720.jpg 1280w, https:\/\/www.kristalia.it\/wp-content\/uploads\/2026\/09\/HEADER-ORIZZONTALE-992x558.jpg 992w, https:\/\/www.kristalia.it\/wp-content\/uploads\/2026\/09\/HEADER-ORIZZONTALE-500x281.jpg 500w, https:\/\/www.kristalia.it\/wp-content\/uploads\/2026\/09\/HEADER-ORIZZONTALE-889x500.jpg 889w\" sizes=\"(max-width: 2000px) 100vw, 2000px\" \/>        \n        <figcaption id=\"block-6a98fbba1b1f2-caption\" class=\"caption m-0 noselect\">\n\n            <!-- ACTION: STANDARD LINK -->\n            \n            <!-- ACTION: LINK -->\n            \n            <!-- ACTION: POST -->\n                            \n            <!-- ACTION: GALLERY -->\n            \n                                    <a class=\"d-none\" data-title=\"https:\/\/www.kristalia.it\/wp-content\/uploads\/2026\/09\/HEADER-ORIZZONTALE.jpg\" data-fslightbox href=\"https:\/\/www.kristalia.it\/wp-content\/uploads\/2026\/09\/HEADER-ORIZZONTALE.jpg\">\n                        https:\/\/www.kristalia.it\/wp-content\/uploads\/2026\/09\/HEADER-ORIZZONTALE.jpg                    <\/a>\n                \n            \n            <!-- ELEMENT: CAPTIONS -->\n                                        \n        <\/figcaption>\n    \n<\/figure>\n<!-- \/ IMAGE -->\n\n    \n<\/div><\/div>\n<\/div>\n\n\n            \n<div class=\"eiovisual-text1 py-4 container \">\n    \n    <!-- \/\/ _______________ -->\n    <div class=\"d-block d-sm-none\" style=\"height:5px;\"><\/div>\n    <div class=\"d-none d-sm-block d-md-none\" style=\"height:10px;\"><\/div>\n    <div class=\"d-none d-md-block d-lg-none\" style=\"height:20px;\"><\/div>\n    <div class=\"d-none d-lg-block d-xl-none\" style=\"height:40px;\"><\/div>\n    <div class=\"d-none d-xl-block\" style=\"height:50px;\"><\/div>\n    <!-- \/\/ _______________ -->\n                \n<\/div>\n\n<div class=\"wp-bootstrap-blocks-container container mb-0 mb-5\">\n\t\n\n<p style=\"font-size:22px;font-style:normal;font-weight:400\">Wir erweitern unsere Kollektion um drei neue Bezugsstoffe von Kvadrat\/Raf Simons: Atom, Phlox und Vidar 4. Eine besondere Zusammenarbeit, die uns stolz macht, diese Stoffe f\u00fcr unsere Produkte anbieten zu k\u00f6nnen. Drei Stoffe, die f\u00fcr eine ausgew\u00e4hlte Reihe von Ikonen vorgesehen sind \u2013 auf Anfrage auch f\u00fcr weitere Polsterprodukte erh\u00e4ltlich.<\/p>\n\n<\/div>\n\n\n            \n<div class=\"eiovisual-text1 py-4 container \">\n    \n    <!-- \/\/ _______________ -->\n    <div class=\"d-block d-sm-none\" style=\"height:5px;\"><\/div>\n    <div class=\"d-none d-sm-block d-md-none\" style=\"height:10px;\"><\/div>\n    <div class=\"d-none d-md-block d-lg-none\" style=\"height:20px;\"><\/div>\n    <div class=\"d-none d-lg-block d-xl-none\" style=\"height:40px;\"><\/div>\n    <div class=\"d-none d-xl-block\" style=\"height:50px;\"><\/div>\n    <!-- \/\/ _______________ -->\n                \n<\/div>\n\n\n<hr class=\"wp-block-separator has-alpha-channel-opacity\"\/>\n\n\n<div class=\"wp-bootstrap-blocks-container container mb-0 p-0\">\n\t\n\n<div class=\"eiovisual-advanced-image\" id=\"block-6a98fbba264c4\">\n    <div class=\"component-image\">\n    \n    <!-- IMAGE -->\n<figure class=\"figure image1 w-100 img-fluid pb-0 w-100 noselect\"> <!-- pb-3 pb-md-0 -->\n\n    \n\n                    <img loading=\"lazy\" decoding=\"async\" width=\"2000\" height=\"1125\" src=\"https:\/\/www.kristalia.it\/wp-content\/uploads\/2026\/09\/Raf-Simons.jpg\" class=\"image w-100 img-fluid\" alt=\"\" srcset=\"https:\/\/www.kristalia.it\/wp-content\/uploads\/2026\/09\/Raf-Simons.jpg 2000w, https:\/\/www.kristalia.it\/wp-content\/uploads\/2026\/09\/Raf-Simons-300x169.jpg 300w, https:\/\/www.kristalia.it\/wp-content\/uploads\/2026\/09\/Raf-Simons-1024x576.jpg 1024w, https:\/\/www.kristalia.it\/wp-content\/uploads\/2026\/09\/Raf-Simons-768x432.jpg 768w, https:\/\/www.kristalia.it\/wp-content\/uploads\/2026\/09\/Raf-Simons-1536x864.jpg 1536w, https:\/\/www.kristalia.it\/wp-content\/uploads\/2026\/09\/Raf-Simons-1680x945.jpg 1680w, https:\/\/www.kristalia.it\/wp-content\/uploads\/2026\/09\/Raf-Simons-1280x720.jpg 1280w, https:\/\/www.kristalia.it\/wp-content\/uploads\/2026\/09\/Raf-Simons-992x558.jpg 992w, https:\/\/www.kristalia.it\/wp-content\/uploads\/2026\/09\/Raf-Simons-500x281.jpg 500w, https:\/\/www.kristalia.it\/wp-content\/uploads\/2026\/09\/Raf-Simons-889x500.jpg 889w\" sizes=\"(max-width: 2000px) 100vw, 2000px\" \/>        \n        <figcaption id=\"block-6a98fbba264c4-caption\" class=\"caption m-0 noselect\">\n\n            <!-- ACTION: STANDARD LINK -->\n            \n            <!-- ACTION: LINK -->\n            \n            <!-- ACTION: POST -->\n                            \n            <!-- ACTION: GALLERY -->\n            \n                                    <a class=\"d-none\" data-title=\"https:\/\/www.kristalia.it\/wp-content\/uploads\/2026\/09\/Raf-Simons.jpg\" data-fslightbox href=\"https:\/\/www.kristalia.it\/wp-content\/uploads\/2026\/09\/Raf-Simons.jpg\">\n                        https:\/\/www.kristalia.it\/wp-content\/uploads\/2026\/09\/Raf-Simons.jpg                    <\/a>\n                \n            \n            <!-- ELEMENT: CAPTIONS -->\n                                        \n        <\/figcaption>\n    \n<\/figure>\n<!-- \/ IMAGE -->\n\n    \n<\/div><\/div>\n<\/div>\n\n\n            \n<div class=\"eiovisual-text1 py-4 container \">\n    \n    <!-- \/\/ _______________ -->\n    <div class=\"d-block d-sm-none\" style=\"height:5px;\"><\/div>\n    <div class=\"d-none d-sm-block d-md-none\" style=\"height:10px;\"><\/div>\n    <div class=\"d-none d-md-block d-lg-none\" style=\"height:20px;\"><\/div>\n    <div class=\"d-none d-lg-block d-xl-none\" style=\"height:40px;\"><\/div>\n    <div class=\"d-none d-xl-block\" style=\"height:50px;\"><\/div>\n    <!-- \/\/ _______________ -->\n                \n<\/div>\n\n<div class=\"wp-bootstrap-blocks-container container mb-0\">\n\t\n\n<p style=\"font-size:16px;font-style:normal;font-weight:400\"><strong>RAF SIMONS: VON BELGIEN ZU DEN F\u00dcHRENDEN MODEH\u00c4USERN<\/strong><\/p>\n\n<\/div>\n\n\n<div class=\"wp-bootstrap-blocks-container container mb-0\">\n\t\n<div class=\"wp-bootstrap-blocks-row row\">\n\t\n\n<div class=\"col-12 col-md-6\">\n\t\t\t\n\n<p style=\"font-size:16px;font-style:normal;font-weight:400\">Raf Simons wurde 1968 in Belgien geboren und studierte Industriedesign in Genk. Anschlie\u00dfend zog er nach Antwerpen, wo er ermutigt wurde, sein eigenes Label zu gr\u00fcnden, anstatt eine akademische Laufbahn einzuschlagen. 1995 lancierte er seine Menswear-Linie, in der er klassische Schneiderkunst mit Jugendkultur verband und damit ein ganzes Jahrzehnt pr\u00e4gte. Von da an f\u00fchrte ihn sein Weg durch einige der einflussreichsten Modeh\u00e4user: 2005 wurde er Artistic Director von Jil Sander, von 2012 bis 2015 war er Creative Director von Dior Women und von 2016 bis 2018 Chief Creative Officer von Calvin Klein \u2013 in dieser Zeit wurde er zweimal zum Designer of the Year gew\u00e4hlt.<\/p>\n\n\t<\/div>\n\n\n\n<div class=\"col-12 col-md-6\">\n\t\t\t\n\n<p style=\"font-size:16px;font-style:normal;font-weight:400\">Seit 2020 ist er Co-Creative Director von Prada und arbeitet an der Seite von Miuccia Prada. Als Sammler zeitgen\u00f6ssischer Kunst und modernen Designs bringt Raf Simons diese Sensibilit\u00e4t in alle Bereiche ein, in denen er t\u00e4tig ist. Im Laufe seiner Karriere hat er kontinuierlich interdisziplin\u00e4re Kooperationen entwickelt und bewegt sich mit derselben neugierigen Perspektive zwischen Mode, Kunst und Industrie.<\/p>\n\n\t<\/div>\n\n<\/div>\n\n<\/div>\n\n\n            \n<div class=\"eiovisual-text1 py-4 container \">\n    \n    <!-- \/\/ _______________ -->\n    <div class=\"d-block d-sm-none\" style=\"height:5px;\"><\/div>\n    <div class=\"d-none d-sm-block d-md-none\" style=\"height:10px;\"><\/div>\n    <div class=\"d-none d-md-block d-lg-none\" style=\"height:20px;\"><\/div>\n    <div class=\"d-none d-lg-block d-xl-none\" style=\"height:40px;\"><\/div>\n    <div class=\"d-none d-xl-block\" style=\"height:50px;\"><\/div>\n    <!-- \/\/ _______________ -->\n                \n<\/div>\n\n\n<hr class=\"wp-block-separator has-alpha-channel-opacity is-style-default\"\/>\n\n\n<div class=\"wp-bootstrap-blocks-container container mb-0\">\n\t\n<div class=\"wp-bootstrap-blocks-row row\">\n\t\n\n<div class=\"col-12 col-md-4\">\n\t\t\t\n\n<div class=\"eiovisual-advanced-image\" id=\"block-6a98fbba285e6\">\n    <div class=\"component-image\">\n    \n    <!-- IMAGE -->\n<figure class=\"figure image1 w-100 img-fluid pb-0 w-100 noselect\"> <!-- pb-3 pb-md-0 -->\n\n    \n\n                    <img loading=\"lazy\" decoding=\"async\" width=\"1600\" height=\"800\" src=\"https:\/\/www.kristalia.it\/wp-content\/uploads\/2026\/09\/ATOM-1.jpg\" class=\"image w-100 img-fluid\" alt=\"\" srcset=\"https:\/\/www.kristalia.it\/wp-content\/uploads\/2026\/09\/ATOM-1.jpg 1600w, https:\/\/www.kristalia.it\/wp-content\/uploads\/2026\/09\/ATOM-1-300x150.jpg 300w, https:\/\/www.kristalia.it\/wp-content\/uploads\/2026\/09\/ATOM-1-1024x512.jpg 1024w, https:\/\/www.kristalia.it\/wp-content\/uploads\/2026\/09\/ATOM-1-768x384.jpg 768w, https:\/\/www.kristalia.it\/wp-content\/uploads\/2026\/09\/ATOM-1-1536x768.jpg 1536w, https:\/\/www.kristalia.it\/wp-content\/uploads\/2026\/09\/ATOM-1-1280x640.jpg 1280w, https:\/\/www.kristalia.it\/wp-content\/uploads\/2026\/09\/ATOM-1-992x496.jpg 992w, https:\/\/www.kristalia.it\/wp-content\/uploads\/2026\/09\/ATOM-1-500x250.jpg 500w, https:\/\/www.kristalia.it\/wp-content\/uploads\/2026\/09\/ATOM-1-1000x500.jpg 1000w\" sizes=\"(max-width: 1600px) 100vw, 1600px\" \/>        \n        <figcaption id=\"block-6a98fbba285e6-caption\" class=\"caption m-0 noselect\">\n\n            <!-- ACTION: STANDARD LINK -->\n            \n            <!-- ACTION: LINK -->\n            \n            <!-- ACTION: POST -->\n                            \n            <!-- ACTION: GALLERY -->\n            \n                                    <a class=\"d-none\" data-title=\"https:\/\/www.kristalia.it\/wp-content\/uploads\/2026\/09\/ATOM-1.jpg\" data-fslightbox href=\"https:\/\/www.kristalia.it\/wp-content\/uploads\/2026\/09\/ATOM-1.jpg\">\n                        https:\/\/www.kristalia.it\/wp-content\/uploads\/2026\/09\/ATOM-1.jpg                    <\/a>\n                \n            \n            <!-- ELEMENT: CAPTIONS -->\n                                        \n        <\/figcaption>\n    \n<\/figure>\n<!-- \/ IMAGE -->\n\n    \n<\/div><\/div>\n\n\n<div style=\"height:25px\" aria-hidden=\"true\" class=\"wp-block-spacer\"><\/div>\n\n\n\n<p style=\"font-size:16px;font-style:normal;font-weight:400\"><strong>ATOM<\/strong><\/p>\n\n\n\n<p style=\"font-size:16px;font-style:normal;font-weight:400\">Ein experimenteller Boucl\u00e9 ohne sichtbaren Rapport, inspiriert von Landschaftsfragmenten aus pointillistischen und expressionistischen Gem\u00e4lden. Kleine Farbakzente sind nahezu zuf\u00e4llig \u00fcber die Oberfl\u00e4che verteilt. Mutige, kontrastierende Garne \u2013 Entenblau und Bordeaux auf Schwarz, leuchtendes Gelb und Grau auf Waldgr\u00fcn \u2013 spiegeln Simons\u2019 Umgang mit Farbe wider, w\u00e4hrend die zur\u00fcckhaltenderen Kombinationen einen klassischeren Charakter haben.<\/p>\n\n\t<\/div>\n\n\n\n<div class=\"col-12 col-md-4\">\n\t\t\t\n\n<div class=\"eiovisual-advanced-image\" id=\"block-6a98fbba29544\">\n    <div class=\"component-image\">\n    \n    <!-- IMAGE -->\n<figure class=\"figure image1 w-100 img-fluid pb-0 w-100 noselect\"> <!-- pb-3 pb-md-0 -->\n\n    \n\n                    <img loading=\"lazy\" decoding=\"async\" width=\"1600\" height=\"800\" src=\"https:\/\/www.kristalia.it\/wp-content\/uploads\/2026\/09\/PHLOX-1.jpg\" class=\"image w-100 img-fluid\" alt=\"\" srcset=\"https:\/\/www.kristalia.it\/wp-content\/uploads\/2026\/09\/PHLOX-1.jpg 1600w, https:\/\/www.kristalia.it\/wp-content\/uploads\/2026\/09\/PHLOX-1-300x150.jpg 300w, https:\/\/www.kristalia.it\/wp-content\/uploads\/2026\/09\/PHLOX-1-1024x512.jpg 1024w, https:\/\/www.kristalia.it\/wp-content\/uploads\/2026\/09\/PHLOX-1-768x384.jpg 768w, https:\/\/www.kristalia.it\/wp-content\/uploads\/2026\/09\/PHLOX-1-1536x768.jpg 1536w, https:\/\/www.kristalia.it\/wp-content\/uploads\/2026\/09\/PHLOX-1-1280x640.jpg 1280w, https:\/\/www.kristalia.it\/wp-content\/uploads\/2026\/09\/PHLOX-1-992x496.jpg 992w, https:\/\/www.kristalia.it\/wp-content\/uploads\/2026\/09\/PHLOX-1-500x250.jpg 500w, https:\/\/www.kristalia.it\/wp-content\/uploads\/2026\/09\/PHLOX-1-1000x500.jpg 1000w\" sizes=\"(max-width: 1600px) 100vw, 1600px\" \/>        \n        <figcaption id=\"block-6a98fbba29544-caption\" class=\"caption m-0 noselect\">\n\n            <!-- ACTION: STANDARD LINK -->\n            \n            <!-- ACTION: LINK -->\n            \n            <!-- ACTION: POST -->\n                            \n            <!-- ACTION: GALLERY -->\n            \n                                    <a class=\"d-none\" data-title=\"https:\/\/www.kristalia.it\/wp-content\/uploads\/2026\/09\/PHLOX-1.jpg\" data-fslightbox href=\"https:\/\/www.kristalia.it\/wp-content\/uploads\/2026\/09\/PHLOX-1.jpg\">\n                        https:\/\/www.kristalia.it\/wp-content\/uploads\/2026\/09\/PHLOX-1.jpg                    <\/a>\n                \n            \n            <!-- ELEMENT: CAPTIONS -->\n                                        \n        <\/figcaption>\n    \n<\/figure>\n<!-- \/ IMAGE -->\n\n    \n<\/div><\/div>\n\n\n<div style=\"height:25px\" aria-hidden=\"true\" class=\"wp-block-spacer\"><\/div>\n\n\n\n<p style=\"font-size:16px;font-style:normal;font-weight:400\"><strong>PHLOX<\/strong><\/p>\n\n\n\n<p style=\"font-size:16px;font-style:normal;font-weight:400\">Simons\u2019 Interpretation von Cord. Ein breit gerippter Stoff mit grafischem, dreidimensionalem Charakter. Die Farbpalette reicht von intensiven, floralen T\u00f6nen \u2013 Rot, Gr\u00fcn und kr\u00e4ftigen Blaut\u00f6nen, die an die 1970er-Jahre erinnern \u2013 bis hin zu einer Auswahl an neutralen Farbt\u00f6nen, tiefen Blaut\u00f6nen und ruhigeren Gr\u00fcnt\u00f6nen. Ein subtiler Schimmereffekt verleiht diesem Stoff mit weicher Haptik zus\u00e4tzliche Tiefe.<\/p>\n\n\t<\/div>\n\n\n\n<div class=\"col-12 col-md-4\">\n\t\t\t\n\n<div class=\"eiovisual-advanced-image\" id=\"block-6a98fbba2a3fe\">\n    <div class=\"component-image\">\n    \n    <!-- IMAGE -->\n<figure class=\"figure image1 w-100 img-fluid pb-0 w-100 noselect\"> <!-- pb-3 pb-md-0 -->\n\n    \n\n                    <img loading=\"lazy\" decoding=\"async\" width=\"1600\" height=\"800\" src=\"https:\/\/www.kristalia.it\/wp-content\/uploads\/2026\/09\/VIDAR4-1.jpg\" class=\"image w-100 img-fluid\" alt=\"\" srcset=\"https:\/\/www.kristalia.it\/wp-content\/uploads\/2026\/09\/VIDAR4-1.jpg 1600w, https:\/\/www.kristalia.it\/wp-content\/uploads\/2026\/09\/VIDAR4-1-300x150.jpg 300w, https:\/\/www.kristalia.it\/wp-content\/uploads\/2026\/09\/VIDAR4-1-1024x512.jpg 1024w, https:\/\/www.kristalia.it\/wp-content\/uploads\/2026\/09\/VIDAR4-1-768x384.jpg 768w, https:\/\/www.kristalia.it\/wp-content\/uploads\/2026\/09\/VIDAR4-1-1536x768.jpg 1536w, https:\/\/www.kristalia.it\/wp-content\/uploads\/2026\/09\/VIDAR4-1-1280x640.jpg 1280w, https:\/\/www.kristalia.it\/wp-content\/uploads\/2026\/09\/VIDAR4-1-992x496.jpg 992w, https:\/\/www.kristalia.it\/wp-content\/uploads\/2026\/09\/VIDAR4-1-500x250.jpg 500w, https:\/\/www.kristalia.it\/wp-content\/uploads\/2026\/09\/VIDAR4-1-1000x500.jpg 1000w\" sizes=\"(max-width: 1600px) 100vw, 1600px\" \/>        \n        <figcaption id=\"block-6a98fbba2a3fe-caption\" class=\"caption m-0 noselect\">\n\n            <!-- ACTION: STANDARD LINK -->\n            \n            <!-- ACTION: LINK -->\n            \n            <!-- ACTION: POST -->\n                            \n            <!-- ACTION: GALLERY -->\n            \n                                    <a class=\"d-none\" data-title=\"https:\/\/www.kristalia.it\/wp-content\/uploads\/2026\/09\/VIDAR4-1.jpg\" data-fslightbox href=\"https:\/\/www.kristalia.it\/wp-content\/uploads\/2026\/09\/VIDAR4-1.jpg\">\n                        https:\/\/www.kristalia.it\/wp-content\/uploads\/2026\/09\/VIDAR4-1.jpg                    <\/a>\n                \n            \n            <!-- ELEMENT: CAPTIONS -->\n                                        \n        <\/figcaption>\n    \n<\/figure>\n<!-- \/ IMAGE -->\n\n    \n<\/div><\/div>\n\n\n<div style=\"height:25px\" aria-hidden=\"true\" class=\"wp-block-spacer\"><\/div>\n\n\n\n<p style=\"font-size:16px;font-style:normal;font-weight:400\"><strong>VIDAR 4<\/strong><\/p>\n\n\n\n<p style=\"font-size:16px;font-style:normal;font-weight:400\">Urspr\u00fcnglich von Fanny Aronsen entworfen, wird Vidar 4 von Raf Simons in einer Farbpalette von Moosgr\u00fcn, dunklem Aubergine, Rubinrot und Nachtblau bis hin zu Ziegel-, Erd- und Neutralt\u00f6nen neu interpretiert. Die satinierte Oberfl\u00e4che steht im Kontrast zu den tieferen Farbt\u00f6nen im Schatten. Dicht und gleichm\u00e4\u00dfig, ohne die Unregelm\u00e4\u00dfigkeiten der anderen Boucl\u00e9s der Kollektion, erinnert seine Textur an Brombeeren, Orangenschale oder die vertraute Struktur eines Lieblingspullovers.<\/p>\n\n\n\n<p>\u00ad<\/p>\n\n\t<\/div>\n\n<\/div>\n\n<\/div>\n\n\n            \n<div class=\"eiovisual-text1 py-4 container \">\n    \n    <!-- \/\/ _______________ -->\n    <div class=\"d-block d-sm-none\" style=\"height:5px;\"><\/div>\n    <div class=\"d-none d-sm-block d-md-none\" style=\"height:10px;\"><\/div>\n    <div class=\"d-none d-md-block d-lg-none\" style=\"height:20px;\"><\/div>\n    <div class=\"d-none d-lg-block d-xl-none\" style=\"height:40px;\"><\/div>\n    <div class=\"d-none d-xl-block\" style=\"height:50px;\"><\/div>\n    <!-- \/\/ _______________ -->\n                \n<\/div>","protected":false},"excerpt":{"rendered":"","protected":false},"author":6,"featured_media":117038,"parent":0,"menu_order":0,"comment_status":"closed","ping_status":"closed","template":"","meta":{"_acf_changed":false,"inline_featured_image":false,"wp_popup_display_lightbox":0,"wp_popup_suppress":"","wp_popup_trigger":"","wp_popup_trigger_amount":0,"wp_popup_disable_on_mobile":false,"footnotes":""},"acf":[],"yoast_head":"<!-- This site is optimized with the Yoast SEO plugin v22.4 - https:\/\/yoast.com\/wordpress\/plugins\/seo\/ -->\n<title>Kvadrat\/Raf Simons: Neue Premiumstoffe f\u00fcr die Kollektion<\/title>\n<meta name=\"description\" content=\"Wir erweitern unsere Kollektion um drei neue Bezugsstoffe von Kvadrat\/Raf Simons: Atom, Phlox und Vidar 4.\" \/>\n<meta name=\"robots\" content=\"index, follow, max-snippet:-1, max-image-preview:large, max-video-preview:-1\" \/>\n<link rel=\"canonical\" href=\"https:\/\/www.kristalia.it\/de\/kvadrat-raf-simons-neue-premiumstoffe-fuer-die-kollektion\/\" \/>\n<meta property=\"og:locale\" content=\"de_DE\" \/>\n<meta property=\"og:type\" content=\"article\" \/>\n<meta property=\"og:title\" content=\"Kvadrat\/Raf Simons: Neue Premiumstoffe f\u00fcr die Kollektion\" \/>\n<meta property=\"og:description\" content=\"Wir erweitern unsere Kollektion um drei neue Bezugsstoffe von Kvadrat\/Raf Simons: Atom, Phlox und Vidar 4.\" \/>\n<meta property=\"og:url\" content=\"https:\/\/www.kristalia.it\/de\/kvadrat-raf-simons-neue-premiumstoffe-fuer-die-kollektion\/\" \/>\n<meta property=\"og:site_name\" content=\"Kristalia\" \/>\n<meta property=\"article:publisher\" content=\"https:\/\/www.facebook.com\/kristaliadesign\/\" \/>\n<meta property=\"article:modified_time\" content=\"2026-09-02T14:56:10+00:00\" \/>\n<meta property=\"og:image\" content=\"https:\/\/www.kristalia.it\/wp-content\/uploads\/2026\/09\/HEADER-ORIZZONTALE.jpg\" \/>\n\t<meta property=\"og:image:width\" content=\"2000\" \/>\n\t<meta property=\"og:image:height\" content=\"1125\" \/>\n\t<meta property=\"og:image:type\" content=\"image\/jpeg\" \/>\n<meta name=\"twitter:card\" content=\"summary_large_image\" \/>\n<meta name=\"twitter:label1\" content=\"Est. reading time\" \/>\n\t<meta name=\"twitter:data1\" content=\"3 minutes\" \/>\n<script type=\"application\/ld+json\" class=\"yoast-schema-graph\">{\"@context\":\"https:\/\/schema.org\",\"@graph\":[{\"@type\":\"WebPage\",\"@id\":\"https:\/\/www.kristalia.it\/de\/kvadrat-raf-simons-neue-premiumstoffe-fuer-die-kollektion\/\",\"url\":\"https:\/\/www.kristalia.it\/de\/kvadrat-raf-simons-neue-premiumstoffe-fuer-die-kollektion\/\",\"name\":\"Kvadrat\/Raf Simons: Neue Premiumstoffe f\u00fcr die Kollektion\",\"isPartOf\":{\"@id\":\"https:\/\/www.kristalia.it\/de\/#website\"},\"primaryImageOfPage\":{\"@id\":\"https:\/\/www.kristalia.it\/de\/kvadrat-raf-simons-neue-premiumstoffe-fuer-die-kollektion\/#primaryimage\"},\"image\":{\"@id\":\"https:\/\/www.kristalia.it\/de\/kvadrat-raf-simons-neue-premiumstoffe-fuer-die-kollektion\/#primaryimage\"},\"thumbnailUrl\":\"https:\/\/www.kristalia.it\/wp-content\/uploads\/2026\/09\/HEADER-ORIZZONTALE.jpg\",\"datePublished\":\"2026-09-02T14:19:59+00:00\",\"dateModified\":\"2026-09-02T14:56:10+00:00\",\"description\":\"Wir erweitern unsere Kollektion um drei neue Bezugsstoffe von Kvadrat\/Raf Simons: Atom, Phlox und Vidar 4.\",\"inLanguage\":\"de-DE\",\"potentialAction\":[{\"@type\":\"ReadAction\",\"target\":[\"https:\/\/www.kristalia.it\/de\/kvadrat-raf-simons-neue-premiumstoffe-fuer-die-kollektion\/\"]}]},{\"@type\":\"ImageObject\",\"inLanguage\":\"de-DE\",\"@id\":\"https:\/\/www.kristalia.it\/de\/kvadrat-raf-simons-neue-premiumstoffe-fuer-die-kollektion\/#primaryimage\",\"url\":\"https:\/\/www.kristalia.it\/wp-content\/uploads\/2026\/09\/HEADER-ORIZZONTALE.jpg\",\"contentUrl\":\"https:\/\/www.kristalia.it\/wp-content\/uploads\/2026\/09\/HEADER-ORIZZONTALE.jpg\",\"width\":2000,\"height\":1125},{\"@type\":\"WebSite\",\"@id\":\"https:\/\/www.kristalia.it\/de\/#website\",\"url\":\"https:\/\/www.kristalia.it\/de\/\",\"name\":\"Kristalia. Forever furniture.\",\"description\":\"Objects that interpret living.\",\"publisher\":{\"@id\":\"https:\/\/www.kristalia.it\/de\/#organization\"},\"alternateName\":\"Kristalia\",\"potentialAction\":[{\"@type\":\"SearchAction\",\"target\":{\"@type\":\"EntryPoint\",\"urlTemplate\":\"https:\/\/www.kristalia.it\/de\/?s={search_term_string}\"},\"query-input\":\"required name=search_term_string\"}],\"inLanguage\":\"de-DE\"},{\"@type\":\"Organization\",\"@id\":\"https:\/\/www.kristalia.it\/de\/#organization\",\"name\":\"Kristalia. Forever furniture.\",\"url\":\"https:\/\/www.kristalia.it\/de\/\",\"logo\":{\"@type\":\"ImageObject\",\"inLanguage\":\"de-DE\",\"@id\":\"https:\/\/www.kristalia.it\/de\/#\/schema\/logo\/image\/\",\"url\":\"https:\/\/www.kristalia.it\/wp-content\/uploads\/2023\/08\/kristalia-696.png\",\"contentUrl\":\"https:\/\/www.kristalia.it\/wp-content\/uploads\/2023\/08\/kristalia-696.png\",\"width\":696,\"height\":696,\"caption\":\"Kristalia. Forever furniture.\"},\"image\":{\"@id\":\"https:\/\/www.kristalia.it\/de\/#\/schema\/logo\/image\/\"},\"sameAs\":[\"https:\/\/www.facebook.com\/kristaliadesign\/\"]}]}<\/script>\n<!-- \/ Yoast SEO plugin. -->","yoast_head_json":{"title":"Kvadrat\/Raf Simons: Neue Premiumstoffe f\u00fcr die Kollektion","description":"Wir erweitern unsere Kollektion um drei neue Bezugsstoffe von Kvadrat\/Raf Simons: Atom, Phlox und Vidar 4.","robots":{"index":"index","follow":"follow","max-snippet":"max-snippet:-1","max-image-preview":"max-image-preview:large","max-video-preview":"max-video-preview:-1"},"canonical":"https:\/\/www.kristalia.it\/de\/kvadrat-raf-simons-neue-premiumstoffe-fuer-die-kollektion\/","og_locale":"de_DE","og_type":"article","og_title":"Kvadrat\/Raf Simons: Neue Premiumstoffe f\u00fcr die Kollektion","og_description":"Wir erweitern unsere Kollektion um drei neue Bezugsstoffe von Kvadrat\/Raf Simons: Atom, Phlox und Vidar 4.","og_url":"https:\/\/www.kristalia.it\/de\/kvadrat-raf-simons-neue-premiumstoffe-fuer-die-kollektion\/","og_site_name":"Kristalia","article_publisher":"https:\/\/www.facebook.com\/kristaliadesign\/","article_modified_time":"2026-09-02T14:56:10+00:00","og_image":[{"width":2000,"height":1125,"url":"https:\/\/www.kristalia.it\/wp-content\/uploads\/2026\/09\/HEADER-ORIZZONTALE.jpg","type":"image\/jpeg"}],"twitter_card":"summary_large_image","twitter_misc":{"Est. reading time":"3 minutes"},"schema":{"@context":"https:\/\/schema.org","@graph":[{"@type":"WebPage","@id":"https:\/\/www.kristalia.it\/de\/kvadrat-raf-simons-neue-premiumstoffe-fuer-die-kollektion\/","url":"https:\/\/www.kristalia.it\/de\/kvadrat-raf-simons-neue-premiumstoffe-fuer-die-kollektion\/","name":"Kvadrat\/Raf Simons: Neue Premiumstoffe f\u00fcr die Kollektion","isPartOf":{"@id":"https:\/\/www.kristalia.it\/de\/#website"},"primaryImageOfPage":{"@id":"https:\/\/www.kristalia.it\/de\/kvadrat-raf-simons-neue-premiumstoffe-fuer-die-kollektion\/#primaryimage"},"image":{"@id":"https:\/\/www.kristalia.it\/de\/kvadrat-raf-simons-neue-premiumstoffe-fuer-die-kollektion\/#primaryimage"},"thumbnailUrl":"https:\/\/www.kristalia.it\/wp-content\/uploads\/2026\/09\/HEADER-ORIZZONTALE.jpg","datePublished":"2026-09-02T14:19:59+00:00","dateModified":"2026-09-02T14:56:10+00:00","description":"Wir erweitern unsere Kollektion um drei neue Bezugsstoffe von Kvadrat\/Raf Simons: Atom, Phlox und Vidar 4.","inLanguage":"de-DE","potentialAction":[{"@type":"ReadAction","target":["https:\/\/www.kristalia.it\/de\/kvadrat-raf-simons-neue-premiumstoffe-fuer-die-kollektion\/"]}]},{"@type":"ImageObject","inLanguage":"de-DE","@id":"https:\/\/www.kristalia.it\/de\/kvadrat-raf-simons-neue-premiumstoffe-fuer-die-kollektion\/#primaryimage","url":"https:\/\/www.kristalia.it\/wp-content\/uploads\/2026\/09\/HEADER-ORIZZONTALE.jpg","contentUrl":"https:\/\/www.kristalia.it\/wp-content\/uploads\/2026\/09\/HEADER-ORIZZONTALE.jpg","width":2000,"height":1125},{"@type":"WebSite","@id":"https:\/\/www.kristalia.it\/de\/#website","url":"https:\/\/www.kristalia.it\/de\/","name":"Kristalia. Forever furniture.","description":"Objects that interpret living.","publisher":{"@id":"https:\/\/www.kristalia.it\/de\/#organization"},"alternateName":"Kristalia","potentialAction":[{"@type":"SearchAction","target":{"@type":"EntryPoint","urlTemplate":"https:\/\/www.kristalia.it\/de\/?s={search_term_string}"},"query-input":"required name=search_term_string"}],"inLanguage":"de-DE"},{"@type":"Organization","@id":"https:\/\/www.kristalia.it\/de\/#organization","name":"Kristalia. Forever furniture.","url":"https:\/\/www.kristalia.it\/de\/","logo":{"@type":"ImageObject","inLanguage":"de-DE","@id":"https:\/\/www.kristalia.it\/de\/#\/schema\/logo\/image\/","url":"https:\/\/www.kristalia.it\/wp-content\/uploads\/2023\/08\/kristalia-696.png","contentUrl":"https:\/\/www.kristalia.it\/wp-content\/uploads\/2023\/08\/kristalia-696.png","width":696,"height":696,"caption":"Kristalia. Forever furniture."},"image":{"@id":"https:\/\/www.kristalia.it\/de\/#\/schema\/logo\/image\/"},"sameAs":["https:\/\/www.facebook.com\/kristaliadesign\/"]}]}},"_links":{"self":[{"href":"https:\/\/www.kristalia.it\/de\/wp-json\/wp\/v2\/pages\/117105"}],"collection":[{"href":"https:\/\/www.kristalia.it\/de\/wp-json\/wp\/v2\/pages"}],"about":[{"href":"https:\/\/www.kristalia.it\/de\/wp-json\/wp\/v2\/types\/page"}],"author":[{"embeddable":true,"href":"https:\/\/www.kristalia.it\/de\/wp-json\/wp\/v2\/users\/6"}],"replies":[{"embeddable":true,"href":"https:\/\/www.kristalia.it\/de\/wp-json\/wp\/v2\/comments?post=117105"}],"version-history":[{"count":1,"href":"https:\/\/www.kristalia.it\/de\/wp-json\/wp\/v2\/pages\/117105\/revisions"}],"predecessor-version":[{"id":117107,"href":"https:\/\/www.kristalia.it\/de\/wp-json\/wp\/v2\/pages\/117105\/revisions\/117107"}],"wp:featuredmedia":[{"embeddable":true,"href":"https:\/\/www.kristalia.it\/de\/wp-json\/wp\/v2\/media\/117038"}],"wp:attachment":[{"href":"https:\/\/www.kristalia.it\/de\/wp-json\/wp\/v2\/media?parent=117105"}],"curies":[{"name":"wp","href":"https:\/\/api.w.org\/{rel}","templated":true}]}}