{"id":117098,"date":"2026-09-02T16:19:59","date_gmt":"2026-09-02T14:19:59","guid":{"rendered":"https:\/\/www.kristalia.it\/kvadrat-raf-simons-new-premium-fabrics-in-collection\/"},"modified":"2026-09-02T16:49:36","modified_gmt":"2026-09-02T14:49:36","slug":"kvadrat-raf-simons-nouveaux-tissus-premium-dans-la-collection","status":"publish","type":"page","link":"https:\/\/www.kristalia.it\/fr\/kvadrat-raf-simons-nouveaux-tissus-premium-dans-la-collection\/","title":{"rendered":"Kvadrat\/Raf Simons : nouveaux tissus premium dans la collection"},"content":{"rendered":"<div class=\"wp-bootstrap-blocks-container container-fluid mb-0 p-0\">\n\t\n\n<div class=\"eiovisual-advanced-image\" id=\"block-6a98fb3f8c8e1\">\n    <div class=\"component-image\">\n    \n    <!-- IMAGE -->\n<figure class=\"figure image1 w-100 img-fluid pb-0 w-100 noselect\"> <!-- pb-3 pb-md-0 -->\n\n    \n\n                    <img loading=\"lazy\" decoding=\"async\" width=\"2000\" height=\"1125\" src=\"https:\/\/www.kristalia.it\/wp-content\/uploads\/2026\/09\/HEADER-ORIZZONTALE.jpg\" class=\"image w-100 img-fluid\" alt=\"\" srcset=\"https:\/\/www.kristalia.it\/wp-content\/uploads\/2026\/09\/HEADER-ORIZZONTALE.jpg 2000w, https:\/\/www.kristalia.it\/wp-content\/uploads\/2026\/09\/HEADER-ORIZZONTALE-300x169.jpg 300w, https:\/\/www.kristalia.it\/wp-content\/uploads\/2026\/09\/HEADER-ORIZZONTALE-1024x576.jpg 1024w, https:\/\/www.kristalia.it\/wp-content\/uploads\/2026\/09\/HEADER-ORIZZONTALE-768x432.jpg 768w, https:\/\/www.kristalia.it\/wp-content\/uploads\/2026\/09\/HEADER-ORIZZONTALE-1536x864.jpg 1536w, https:\/\/www.kristalia.it\/wp-content\/uploads\/2026\/09\/HEADER-ORIZZONTALE-1680x945.jpg 1680w, https:\/\/www.kristalia.it\/wp-content\/uploads\/2026\/09\/HEADER-ORIZZONTALE-1280x720.jpg 1280w, https:\/\/www.kristalia.it\/wp-content\/uploads\/2026\/09\/HEADER-ORIZZONTALE-992x558.jpg 992w, https:\/\/www.kristalia.it\/wp-content\/uploads\/2026\/09\/HEADER-ORIZZONTALE-500x281.jpg 500w, https:\/\/www.kristalia.it\/wp-content\/uploads\/2026\/09\/HEADER-ORIZZONTALE-889x500.jpg 889w\" sizes=\"(max-width: 2000px) 100vw, 2000px\" \/>        \n        <figcaption id=\"block-6a98fb3f8c8e1-caption\" class=\"caption m-0 noselect\">\n\n            <!-- ACTION: STANDARD LINK -->\n            \n            <!-- ACTION: LINK -->\n            \n            <!-- ACTION: POST -->\n                            \n            <!-- ACTION: GALLERY -->\n            \n                                    <a class=\"d-none\" data-title=\"https:\/\/www.kristalia.it\/wp-content\/uploads\/2026\/09\/HEADER-ORIZZONTALE.jpg\" data-fslightbox href=\"https:\/\/www.kristalia.it\/wp-content\/uploads\/2026\/09\/HEADER-ORIZZONTALE.jpg\">\n                        https:\/\/www.kristalia.it\/wp-content\/uploads\/2026\/09\/HEADER-ORIZZONTALE.jpg                    <\/a>\n                \n            \n            <!-- ELEMENT: CAPTIONS -->\n                                        \n        <\/figcaption>\n    \n<\/figure>\n<!-- \/ IMAGE -->\n\n    \n<\/div><\/div>\n<\/div>\n\n\n            \n<div class=\"eiovisual-text1 py-4 container \">\n    \n    <!-- \/\/ _______________ -->\n    <div class=\"d-block d-sm-none\" style=\"height:5px;\"><\/div>\n    <div class=\"d-none d-sm-block d-md-none\" style=\"height:10px;\"><\/div>\n    <div class=\"d-none d-md-block d-lg-none\" style=\"height:20px;\"><\/div>\n    <div class=\"d-none d-lg-block d-xl-none\" style=\"height:40px;\"><\/div>\n    <div class=\"d-none d-xl-block\" style=\"height:50px;\"><\/div>\n    <!-- \/\/ _______________ -->\n                \n<\/div>\n\n<div class=\"wp-bootstrap-blocks-container container mb-0 mb-5\">\n\t\n\n<p style=\"font-size:22px;font-style:normal;font-weight:400\">Nous enrichissons notre collection avec trois nouveaux tissus d\u2019ameublement sign\u00e9s Kvadrat\/Raf Simons : Atom, Phlox et Vidar 4. Une collaboration sp\u00e9ciale, dont nous sommes fiers de pouvoir int\u00e9grer les tissus \u00e0 nos produits. Trois rev\u00eatements s\u00e9lectionn\u00e9s pour une gamme limit\u00e9e d\u2019ic\u00f4nes \u2014 disponibles sur demande pour les autres produits rembourr\u00e9s \u00e9galement.<\/p>\n\n<\/div>\n\n\n            \n<div class=\"eiovisual-text1 py-4 container \">\n    \n    <!-- \/\/ _______________ -->\n    <div class=\"d-block d-sm-none\" style=\"height:5px;\"><\/div>\n    <div class=\"d-none d-sm-block d-md-none\" style=\"height:10px;\"><\/div>\n    <div class=\"d-none d-md-block d-lg-none\" style=\"height:20px;\"><\/div>\n    <div class=\"d-none d-lg-block d-xl-none\" style=\"height:40px;\"><\/div>\n    <div class=\"d-none d-xl-block\" style=\"height:50px;\"><\/div>\n    <!-- \/\/ _______________ -->\n                \n<\/div>\n\n\n<hr class=\"wp-block-separator has-alpha-channel-opacity\"\/>\n\n\n<div class=\"wp-bootstrap-blocks-container container mb-0 p-0\">\n\t\n\n<div class=\"eiovisual-advanced-image\" id=\"block-6a98fb3f9a191\">\n    <div class=\"component-image\">\n    \n    <!-- IMAGE -->\n<figure class=\"figure image1 w-100 img-fluid pb-0 w-100 noselect\"> <!-- pb-3 pb-md-0 -->\n\n    \n\n                    <img loading=\"lazy\" decoding=\"async\" width=\"2000\" height=\"1125\" src=\"https:\/\/www.kristalia.it\/wp-content\/uploads\/2026\/09\/Raf-Simons.jpg\" class=\"image w-100 img-fluid\" alt=\"\" srcset=\"https:\/\/www.kristalia.it\/wp-content\/uploads\/2026\/09\/Raf-Simons.jpg 2000w, https:\/\/www.kristalia.it\/wp-content\/uploads\/2026\/09\/Raf-Simons-300x169.jpg 300w, https:\/\/www.kristalia.it\/wp-content\/uploads\/2026\/09\/Raf-Simons-1024x576.jpg 1024w, https:\/\/www.kristalia.it\/wp-content\/uploads\/2026\/09\/Raf-Simons-768x432.jpg 768w, https:\/\/www.kristalia.it\/wp-content\/uploads\/2026\/09\/Raf-Simons-1536x864.jpg 1536w, https:\/\/www.kristalia.it\/wp-content\/uploads\/2026\/09\/Raf-Simons-1680x945.jpg 1680w, https:\/\/www.kristalia.it\/wp-content\/uploads\/2026\/09\/Raf-Simons-1280x720.jpg 1280w, https:\/\/www.kristalia.it\/wp-content\/uploads\/2026\/09\/Raf-Simons-992x558.jpg 992w, https:\/\/www.kristalia.it\/wp-content\/uploads\/2026\/09\/Raf-Simons-500x281.jpg 500w, https:\/\/www.kristalia.it\/wp-content\/uploads\/2026\/09\/Raf-Simons-889x500.jpg 889w\" sizes=\"(max-width: 2000px) 100vw, 2000px\" \/>        \n        <figcaption id=\"block-6a98fb3f9a191-caption\" class=\"caption m-0 noselect\">\n\n            <!-- ACTION: STANDARD LINK -->\n            \n            <!-- ACTION: LINK -->\n            \n            <!-- ACTION: POST -->\n                            \n            <!-- ACTION: GALLERY -->\n            \n                                    <a class=\"d-none\" data-title=\"https:\/\/www.kristalia.it\/wp-content\/uploads\/2026\/09\/Raf-Simons.jpg\" data-fslightbox href=\"https:\/\/www.kristalia.it\/wp-content\/uploads\/2026\/09\/Raf-Simons.jpg\">\n                        https:\/\/www.kristalia.it\/wp-content\/uploads\/2026\/09\/Raf-Simons.jpg                    <\/a>\n                \n            \n            <!-- ELEMENT: CAPTIONS -->\n                                        \n        <\/figcaption>\n    \n<\/figure>\n<!-- \/ IMAGE -->\n\n    \n<\/div><\/div>\n<\/div>\n\n\n            \n<div class=\"eiovisual-text1 py-4 container \">\n    \n    <!-- \/\/ _______________ -->\n    <div class=\"d-block d-sm-none\" style=\"height:5px;\"><\/div>\n    <div class=\"d-none d-sm-block d-md-none\" style=\"height:10px;\"><\/div>\n    <div class=\"d-none d-md-block d-lg-none\" style=\"height:20px;\"><\/div>\n    <div class=\"d-none d-lg-block d-xl-none\" style=\"height:40px;\"><\/div>\n    <div class=\"d-none d-xl-block\" style=\"height:50px;\"><\/div>\n    <!-- \/\/ _______________ -->\n                \n<\/div>\n\n<div class=\"wp-bootstrap-blocks-container container mb-0\">\n\t\n\n<p style=\"font-size:16px;font-style:normal;font-weight:400\"><strong>RAF SIMONS : DE LA BELGIQUE AUX PLUS GRANDES MAISONS DE MODE<\/strong><\/p>\n\n<\/div>\n\n\n<div class=\"wp-bootstrap-blocks-container container mb-0\">\n\t\n<div class=\"wp-bootstrap-blocks-row row\">\n\t\n\n<div class=\"col-12 col-md-6\">\n\t\t\t\n\n<p style=\"font-size:16px;font-style:normal;font-weight:400\">N\u00e9 en Belgique en 1968, Raf Simons \u00e9tudie le design industriel \u00e0 Genk. Il s\u2019installe ensuite \u00e0 Anvers, o\u00f9 il est encourag\u00e9 \u00e0 lancer sa propre marque plut\u00f4t qu\u2019\u00e0 poursuivre une carri\u00e8re acad\u00e9mique. En 1995, il lance sa ligne de pr\u00eat-\u00e0-porter masculin, m\u00ealant tailoring classique et culture jeune, avec un impact qui marque toute une d\u00e9cennie. Par la suite, son parcours le m\u00e8ne dans certaines des maisons de mode les plus influentes : il devient directeur artistique de Jil Sander en 2005, directeur artistique de Dior Femme de 2012 \u00e0 2015, puis Chief Creative Officer de Calvin Klein de 2016 \u00e0 2018 \u2014 p\u00e9riode durant laquelle il est nomm\u00e9 \u00e0 deux reprises Designer of the Year.<\/p>\n\n\t<\/div>\n\n\n\n<div class=\"col-12 col-md-6\">\n\t\t\t\n\n<p style=\"font-size:16px;font-style:normal;font-weight:400\">Depuis 2020, il est co-directeur artistique de Prada, aux c\u00f4t\u00e9s de Miuccia Prada. Collectionneur d\u2019art contemporain et de design moderne, Raf Simons transpose cette sensibilit\u00e9 dans tous les domaines qu\u2019il explore. Tout au long de sa carri\u00e8re, il a d\u00e9velopp\u00e9 de nombreuses collaborations interdisciplinaires, naviguant entre mode, art et industrie avec le m\u00eame regard curieux.<\/p>\n\n\t<\/div>\n\n<\/div>\n\n<\/div>\n\n\n            \n<div class=\"eiovisual-text1 py-4 container \">\n    \n    <!-- \/\/ _______________ -->\n    <div class=\"d-block d-sm-none\" style=\"height:5px;\"><\/div>\n    <div class=\"d-none d-sm-block d-md-none\" style=\"height:10px;\"><\/div>\n    <div class=\"d-none d-md-block d-lg-none\" style=\"height:20px;\"><\/div>\n    <div class=\"d-none d-lg-block d-xl-none\" style=\"height:40px;\"><\/div>\n    <div class=\"d-none d-xl-block\" style=\"height:50px;\"><\/div>\n    <!-- \/\/ _______________ -->\n                \n<\/div>\n\n\n<hr class=\"wp-block-separator has-alpha-channel-opacity is-style-default\"\/>\n\n\n<div class=\"wp-bootstrap-blocks-container container mb-0\">\n\t\n<div class=\"wp-bootstrap-blocks-row row\">\n\t\n\n<div class=\"col-12 col-md-4\">\n\t\t\t\n\n<div class=\"eiovisual-advanced-image\" id=\"block-6a98fb3f9d17d\">\n    <div class=\"component-image\">\n    \n    <!-- IMAGE -->\n<figure class=\"figure image1 w-100 img-fluid pb-0 w-100 noselect\"> <!-- pb-3 pb-md-0 -->\n\n    \n\n                    <img loading=\"lazy\" decoding=\"async\" width=\"1600\" height=\"800\" src=\"https:\/\/www.kristalia.it\/wp-content\/uploads\/2026\/09\/ATOM-1.jpg\" class=\"image w-100 img-fluid\" alt=\"\" srcset=\"https:\/\/www.kristalia.it\/wp-content\/uploads\/2026\/09\/ATOM-1.jpg 1600w, https:\/\/www.kristalia.it\/wp-content\/uploads\/2026\/09\/ATOM-1-300x150.jpg 300w, https:\/\/www.kristalia.it\/wp-content\/uploads\/2026\/09\/ATOM-1-1024x512.jpg 1024w, https:\/\/www.kristalia.it\/wp-content\/uploads\/2026\/09\/ATOM-1-768x384.jpg 768w, https:\/\/www.kristalia.it\/wp-content\/uploads\/2026\/09\/ATOM-1-1536x768.jpg 1536w, https:\/\/www.kristalia.it\/wp-content\/uploads\/2026\/09\/ATOM-1-1280x640.jpg 1280w, https:\/\/www.kristalia.it\/wp-content\/uploads\/2026\/09\/ATOM-1-992x496.jpg 992w, https:\/\/www.kristalia.it\/wp-content\/uploads\/2026\/09\/ATOM-1-500x250.jpg 500w, https:\/\/www.kristalia.it\/wp-content\/uploads\/2026\/09\/ATOM-1-1000x500.jpg 1000w\" sizes=\"(max-width: 1600px) 100vw, 1600px\" \/>        \n        <figcaption id=\"block-6a98fb3f9d17d-caption\" class=\"caption m-0 noselect\">\n\n            <!-- ACTION: STANDARD LINK -->\n            \n            <!-- ACTION: LINK -->\n            \n            <!-- ACTION: POST -->\n                            \n            <!-- ACTION: GALLERY -->\n            \n                                    <a class=\"d-none\" data-title=\"https:\/\/www.kristalia.it\/wp-content\/uploads\/2026\/09\/ATOM-1.jpg\" data-fslightbox href=\"https:\/\/www.kristalia.it\/wp-content\/uploads\/2026\/09\/ATOM-1.jpg\">\n                        https:\/\/www.kristalia.it\/wp-content\/uploads\/2026\/09\/ATOM-1.jpg                    <\/a>\n                \n            \n            <!-- ELEMENT: CAPTIONS -->\n                                        \n        <\/figcaption>\n    \n<\/figure>\n<!-- \/ IMAGE -->\n\n    \n<\/div><\/div>\n\n\n<div style=\"height:25px\" aria-hidden=\"true\" class=\"wp-block-spacer\"><\/div>\n\n\n\n<p style=\"font-size:16px;font-style:normal;font-weight:400\"><strong>ATOM<\/strong><\/p>\n\n\n\n<p style=\"font-size:16px;font-style:normal;font-weight:400\">Un boucl\u00e9 exp\u00e9rimental sans motif r\u00e9p\u00e9titif visible, inspir\u00e9 de fragments de paysages issus de peintures pointillistes et expressionnistes. De petites touches de couleur sont dispers\u00e9es sur la surface de mani\u00e8re presque al\u00e9atoire. Des fils audacieux et contrast\u00e9s \u2014 bleu canard et bordeaux sur noir, jaune vif et gris sur vert for\u00eat \u2014 refl\u00e8tent l\u2019approche de Simons \u00e0 la couleur, tandis que les combinaisons plus sobres pr\u00e9sentent un caract\u00e8re plus classique.<\/p>\n\n\t<\/div>\n\n\n\n<div class=\"col-12 col-md-4\">\n\t\t\t\n\n<div class=\"eiovisual-advanced-image\" id=\"block-6a98fb3f9f31e\">\n    <div class=\"component-image\">\n    \n    <!-- IMAGE -->\n<figure class=\"figure image1 w-100 img-fluid pb-0 w-100 noselect\"> <!-- pb-3 pb-md-0 -->\n\n    \n\n                    <img loading=\"lazy\" decoding=\"async\" width=\"1600\" height=\"800\" src=\"https:\/\/www.kristalia.it\/wp-content\/uploads\/2026\/09\/PHLOX-1.jpg\" class=\"image w-100 img-fluid\" alt=\"\" srcset=\"https:\/\/www.kristalia.it\/wp-content\/uploads\/2026\/09\/PHLOX-1.jpg 1600w, https:\/\/www.kristalia.it\/wp-content\/uploads\/2026\/09\/PHLOX-1-300x150.jpg 300w, https:\/\/www.kristalia.it\/wp-content\/uploads\/2026\/09\/PHLOX-1-1024x512.jpg 1024w, https:\/\/www.kristalia.it\/wp-content\/uploads\/2026\/09\/PHLOX-1-768x384.jpg 768w, https:\/\/www.kristalia.it\/wp-content\/uploads\/2026\/09\/PHLOX-1-1536x768.jpg 1536w, https:\/\/www.kristalia.it\/wp-content\/uploads\/2026\/09\/PHLOX-1-1280x640.jpg 1280w, https:\/\/www.kristalia.it\/wp-content\/uploads\/2026\/09\/PHLOX-1-992x496.jpg 992w, https:\/\/www.kristalia.it\/wp-content\/uploads\/2026\/09\/PHLOX-1-500x250.jpg 500w, https:\/\/www.kristalia.it\/wp-content\/uploads\/2026\/09\/PHLOX-1-1000x500.jpg 1000w\" sizes=\"(max-width: 1600px) 100vw, 1600px\" \/>        \n        <figcaption id=\"block-6a98fb3f9f31e-caption\" class=\"caption m-0 noselect\">\n\n            <!-- ACTION: STANDARD LINK -->\n            \n            <!-- ACTION: LINK -->\n            \n            <!-- ACTION: POST -->\n                            \n            <!-- ACTION: GALLERY -->\n            \n                                    <a class=\"d-none\" data-title=\"https:\/\/www.kristalia.it\/wp-content\/uploads\/2026\/09\/PHLOX-1.jpg\" data-fslightbox href=\"https:\/\/www.kristalia.it\/wp-content\/uploads\/2026\/09\/PHLOX-1.jpg\">\n                        https:\/\/www.kristalia.it\/wp-content\/uploads\/2026\/09\/PHLOX-1.jpg                    <\/a>\n                \n            \n            <!-- ELEMENT: CAPTIONS -->\n                                        \n        <\/figcaption>\n    \n<\/figure>\n<!-- \/ IMAGE -->\n\n    \n<\/div><\/div>\n\n\n<div style=\"height:25px\" aria-hidden=\"true\" class=\"wp-block-spacer\"><\/div>\n\n\n\n<p style=\"font-size:16px;font-style:normal;font-weight:400\"><strong>PHLOX<\/strong><\/p>\n\n\n\n<p style=\"font-size:16px;font-style:normal;font-weight:400\">La vision de Simons du velours c\u00f4tel\u00e9. Un tissu \u00e0 larges c\u00f4tes au caract\u00e8re graphique et tridimensionnel. La palette s\u2019\u00e9tend de tons riches et floraux \u2014 rouges, verts et bleus intenses \u00e9voquant les ann\u00e9es 1970 \u2014 \u00e0 une s\u00e9lection de neutres, de bleus profonds et de verts plus doux. Une subtile irisation apporte de la profondeur \u00e0 ce tissu au toucher doux.<\/p>\n\n\t<\/div>\n\n\n\n<div class=\"col-12 col-md-4\">\n\t\t\t\n\n<div class=\"eiovisual-advanced-image\" id=\"block-6a98fb3fa10c0\">\n    <div class=\"component-image\">\n    \n    <!-- IMAGE -->\n<figure class=\"figure image1 w-100 img-fluid pb-0 w-100 noselect\"> <!-- pb-3 pb-md-0 -->\n\n    \n\n                    <img loading=\"lazy\" decoding=\"async\" width=\"1600\" height=\"800\" src=\"https:\/\/www.kristalia.it\/wp-content\/uploads\/2026\/09\/VIDAR4-1.jpg\" class=\"image w-100 img-fluid\" alt=\"\" srcset=\"https:\/\/www.kristalia.it\/wp-content\/uploads\/2026\/09\/VIDAR4-1.jpg 1600w, https:\/\/www.kristalia.it\/wp-content\/uploads\/2026\/09\/VIDAR4-1-300x150.jpg 300w, https:\/\/www.kristalia.it\/wp-content\/uploads\/2026\/09\/VIDAR4-1-1024x512.jpg 1024w, https:\/\/www.kristalia.it\/wp-content\/uploads\/2026\/09\/VIDAR4-1-768x384.jpg 768w, https:\/\/www.kristalia.it\/wp-content\/uploads\/2026\/09\/VIDAR4-1-1536x768.jpg 1536w, https:\/\/www.kristalia.it\/wp-content\/uploads\/2026\/09\/VIDAR4-1-1280x640.jpg 1280w, https:\/\/www.kristalia.it\/wp-content\/uploads\/2026\/09\/VIDAR4-1-992x496.jpg 992w, https:\/\/www.kristalia.it\/wp-content\/uploads\/2026\/09\/VIDAR4-1-500x250.jpg 500w, https:\/\/www.kristalia.it\/wp-content\/uploads\/2026\/09\/VIDAR4-1-1000x500.jpg 1000w\" sizes=\"(max-width: 1600px) 100vw, 1600px\" \/>        \n        <figcaption id=\"block-6a98fb3fa10c0-caption\" class=\"caption m-0 noselect\">\n\n            <!-- ACTION: STANDARD LINK -->\n            \n            <!-- ACTION: LINK -->\n            \n            <!-- ACTION: POST -->\n                            \n            <!-- ACTION: GALLERY -->\n            \n                                    <a class=\"d-none\" data-title=\"https:\/\/www.kristalia.it\/wp-content\/uploads\/2026\/09\/VIDAR4-1.jpg\" data-fslightbox href=\"https:\/\/www.kristalia.it\/wp-content\/uploads\/2026\/09\/VIDAR4-1.jpg\">\n                        https:\/\/www.kristalia.it\/wp-content\/uploads\/2026\/09\/VIDAR4-1.jpg                    <\/a>\n                \n            \n            <!-- ELEMENT: CAPTIONS -->\n                                        \n        <\/figcaption>\n    \n<\/figure>\n<!-- \/ IMAGE -->\n\n    \n<\/div><\/div>\n\n\n<div style=\"height:25px\" aria-hidden=\"true\" class=\"wp-block-spacer\"><\/div>\n\n\n\n<p style=\"font-size:16px;font-style:normal;font-weight:400\"><strong>VIDAR 4<\/strong><\/p>\n\n\n\n<p style=\"font-size:16px;font-style:normal;font-weight:400\">Initialement con\u00e7u par Fanny Aronsen, Vidar 4 est recolor\u00e9 par Raf Simons dans des teintes allant du vert mousse, de l\u2019aubergine fonc\u00e9e, du rouge rubis et du bleu nuit aux tons brique, terre et neutres. La finition satin\u00e9e de la surface contraste avec les tonalit\u00e9s plus profondes dans l\u2019ombre. Dense et r\u00e9gulier, sans les irr\u00e9gularit\u00e9s des autres boucl\u00e9s de la collection, son toucher \u00e9voque les m\u00fbres, la peau d\u2019orange ou la maille famili\u00e8re d\u2019un pull que l\u2019on conna\u00eet bien.<\/p>\n\n\n\n<p>\u00ad<\/p>\n\n\t<\/div>\n\n<\/div>\n\n<\/div>\n\n\n            \n<div class=\"eiovisual-text1 py-4 container \">\n    \n    <!-- \/\/ _______________ -->\n    <div class=\"d-block d-sm-none\" style=\"height:5px;\"><\/div>\n    <div class=\"d-none d-sm-block d-md-none\" style=\"height:10px;\"><\/div>\n    <div class=\"d-none d-md-block d-lg-none\" style=\"height:20px;\"><\/div>\n    <div class=\"d-none d-lg-block d-xl-none\" style=\"height:40px;\"><\/div>\n    <div class=\"d-none d-xl-block\" style=\"height:50px;\"><\/div>\n    <!-- \/\/ _______________ -->\n                \n<\/div>","protected":false},"excerpt":{"rendered":"","protected":false},"author":6,"featured_media":117037,"parent":0,"menu_order":0,"comment_status":"closed","ping_status":"closed","template":"","meta":{"_acf_changed":false,"inline_featured_image":false,"wp_popup_display_lightbox":0,"wp_popup_suppress":"","wp_popup_trigger":"","wp_popup_trigger_amount":0,"wp_popup_disable_on_mobile":false,"footnotes":""},"acf":[],"yoast_head":"<!-- This site is optimized with the Yoast SEO plugin v22.4 - https:\/\/yoast.com\/wordpress\/plugins\/seo\/ -->\n<title>Kvadrat\/Raf Simons : nouveaux tissus premium dans la collection<\/title>\n<meta name=\"description\" content=\"Nous enrichissons notre collection avec trois nouveaux tissus d\u2019ameublement sign\u00e9s Kvadrat\/Raf Simons : Atom, Phlox et Vidar 4.\" \/>\n<meta name=\"robots\" content=\"index, follow, max-snippet:-1, max-image-preview:large, max-video-preview:-1\" \/>\n<link rel=\"canonical\" href=\"https:\/\/www.kristalia.it\/fr\/kvadrat-raf-simons-nouveaux-tissus-premium-dans-la-collection\/\" \/>\n<meta property=\"og:locale\" content=\"fr_FR\" \/>\n<meta property=\"og:type\" content=\"article\" \/>\n<meta property=\"og:title\" content=\"Kvadrat\/Raf Simons : nouveaux tissus premium dans la collection\" \/>\n<meta property=\"og:description\" content=\"Nous enrichissons notre collection avec trois nouveaux tissus d\u2019ameublement sign\u00e9s Kvadrat\/Raf Simons : Atom, Phlox et Vidar 4.\" \/>\n<meta property=\"og:url\" content=\"https:\/\/www.kristalia.it\/fr\/kvadrat-raf-simons-nouveaux-tissus-premium-dans-la-collection\/\" \/>\n<meta property=\"og:site_name\" content=\"Kristalia\" \/>\n<meta property=\"article:publisher\" content=\"https:\/\/www.facebook.com\/kristaliadesign\/\" \/>\n<meta property=\"article:modified_time\" content=\"2026-09-02T14:49:36+00:00\" \/>\n<meta property=\"og:image\" content=\"https:\/\/www.kristalia.it\/wp-content\/uploads\/2026\/09\/HEADER-ORIZZONTALE.jpg\" \/>\n\t<meta property=\"og:image:width\" content=\"2000\" \/>\n\t<meta property=\"og:image:height\" content=\"1125\" \/>\n\t<meta property=\"og:image:type\" content=\"image\/jpeg\" \/>\n<meta name=\"twitter:card\" content=\"summary_large_image\" \/>\n<meta name=\"twitter:label1\" content=\"Est. reading time\" \/>\n\t<meta name=\"twitter:data1\" content=\"4 minutes\" \/>\n<script type=\"application\/ld+json\" class=\"yoast-schema-graph\">{\"@context\":\"https:\/\/schema.org\",\"@graph\":[{\"@type\":\"WebPage\",\"@id\":\"https:\/\/www.kristalia.it\/fr\/kvadrat-raf-simons-nouveaux-tissus-premium-dans-la-collection\/\",\"url\":\"https:\/\/www.kristalia.it\/fr\/kvadrat-raf-simons-nouveaux-tissus-premium-dans-la-collection\/\",\"name\":\"Kvadrat\/Raf Simons : nouveaux tissus premium dans la collection\",\"isPartOf\":{\"@id\":\"https:\/\/www.kristalia.it\/fr\/#website\"},\"primaryImageOfPage\":{\"@id\":\"https:\/\/www.kristalia.it\/fr\/kvadrat-raf-simons-nouveaux-tissus-premium-dans-la-collection\/#primaryimage\"},\"image\":{\"@id\":\"https:\/\/www.kristalia.it\/fr\/kvadrat-raf-simons-nouveaux-tissus-premium-dans-la-collection\/#primaryimage\"},\"thumbnailUrl\":\"https:\/\/www.kristalia.it\/wp-content\/uploads\/2026\/09\/HEADER-ORIZZONTALE.jpg\",\"datePublished\":\"2026-09-02T14:19:59+00:00\",\"dateModified\":\"2026-09-02T14:49:36+00:00\",\"description\":\"Nous enrichissons notre collection avec trois nouveaux tissus d\u2019ameublement sign\u00e9s Kvadrat\/Raf Simons : Atom, Phlox et Vidar 4.\",\"inLanguage\":\"fr-FR\",\"potentialAction\":[{\"@type\":\"ReadAction\",\"target\":[\"https:\/\/www.kristalia.it\/fr\/kvadrat-raf-simons-nouveaux-tissus-premium-dans-la-collection\/\"]}]},{\"@type\":\"ImageObject\",\"inLanguage\":\"fr-FR\",\"@id\":\"https:\/\/www.kristalia.it\/fr\/kvadrat-raf-simons-nouveaux-tissus-premium-dans-la-collection\/#primaryimage\",\"url\":\"https:\/\/www.kristalia.it\/wp-content\/uploads\/2026\/09\/HEADER-ORIZZONTALE.jpg\",\"contentUrl\":\"https:\/\/www.kristalia.it\/wp-content\/uploads\/2026\/09\/HEADER-ORIZZONTALE.jpg\",\"width\":2000,\"height\":1125},{\"@type\":\"WebSite\",\"@id\":\"https:\/\/www.kristalia.it\/fr\/#website\",\"url\":\"https:\/\/www.kristalia.it\/fr\/\",\"name\":\"Kristalia. Forever furniture.\",\"description\":\"Objects that interpret living.\",\"publisher\":{\"@id\":\"https:\/\/www.kristalia.it\/fr\/#organization\"},\"alternateName\":\"Kristalia\",\"potentialAction\":[{\"@type\":\"SearchAction\",\"target\":{\"@type\":\"EntryPoint\",\"urlTemplate\":\"https:\/\/www.kristalia.it\/fr\/?s={search_term_string}\"},\"query-input\":\"required name=search_term_string\"}],\"inLanguage\":\"fr-FR\"},{\"@type\":\"Organization\",\"@id\":\"https:\/\/www.kristalia.it\/fr\/#organization\",\"name\":\"Kristalia. Forever furniture.\",\"url\":\"https:\/\/www.kristalia.it\/fr\/\",\"logo\":{\"@type\":\"ImageObject\",\"inLanguage\":\"fr-FR\",\"@id\":\"https:\/\/www.kristalia.it\/fr\/#\/schema\/logo\/image\/\",\"url\":\"https:\/\/www.kristalia.it\/wp-content\/uploads\/2023\/08\/kristalia-696.png\",\"contentUrl\":\"https:\/\/www.kristalia.it\/wp-content\/uploads\/2023\/08\/kristalia-696.png\",\"width\":696,\"height\":696,\"caption\":\"Kristalia. Forever furniture.\"},\"image\":{\"@id\":\"https:\/\/www.kristalia.it\/fr\/#\/schema\/logo\/image\/\"},\"sameAs\":[\"https:\/\/www.facebook.com\/kristaliadesign\/\"]}]}<\/script>\n<!-- \/ Yoast SEO plugin. -->","yoast_head_json":{"title":"Kvadrat\/Raf Simons : nouveaux tissus premium dans la collection","description":"Nous enrichissons notre collection avec trois nouveaux tissus d\u2019ameublement sign\u00e9s Kvadrat\/Raf Simons : Atom, Phlox et Vidar 4.","robots":{"index":"index","follow":"follow","max-snippet":"max-snippet:-1","max-image-preview":"max-image-preview:large","max-video-preview":"max-video-preview:-1"},"canonical":"https:\/\/www.kristalia.it\/fr\/kvadrat-raf-simons-nouveaux-tissus-premium-dans-la-collection\/","og_locale":"fr_FR","og_type":"article","og_title":"Kvadrat\/Raf Simons : nouveaux tissus premium dans la collection","og_description":"Nous enrichissons notre collection avec trois nouveaux tissus d\u2019ameublement sign\u00e9s Kvadrat\/Raf Simons : Atom, Phlox et Vidar 4.","og_url":"https:\/\/www.kristalia.it\/fr\/kvadrat-raf-simons-nouveaux-tissus-premium-dans-la-collection\/","og_site_name":"Kristalia","article_publisher":"https:\/\/www.facebook.com\/kristaliadesign\/","article_modified_time":"2026-09-02T14:49:36+00:00","og_image":[{"width":2000,"height":1125,"url":"https:\/\/www.kristalia.it\/wp-content\/uploads\/2026\/09\/HEADER-ORIZZONTALE.jpg","type":"image\/jpeg"}],"twitter_card":"summary_large_image","twitter_misc":{"Est. reading time":"4 minutes"},"schema":{"@context":"https:\/\/schema.org","@graph":[{"@type":"WebPage","@id":"https:\/\/www.kristalia.it\/fr\/kvadrat-raf-simons-nouveaux-tissus-premium-dans-la-collection\/","url":"https:\/\/www.kristalia.it\/fr\/kvadrat-raf-simons-nouveaux-tissus-premium-dans-la-collection\/","name":"Kvadrat\/Raf Simons : nouveaux tissus premium dans la collection","isPartOf":{"@id":"https:\/\/www.kristalia.it\/fr\/#website"},"primaryImageOfPage":{"@id":"https:\/\/www.kristalia.it\/fr\/kvadrat-raf-simons-nouveaux-tissus-premium-dans-la-collection\/#primaryimage"},"image":{"@id":"https:\/\/www.kristalia.it\/fr\/kvadrat-raf-simons-nouveaux-tissus-premium-dans-la-collection\/#primaryimage"},"thumbnailUrl":"https:\/\/www.kristalia.it\/wp-content\/uploads\/2026\/09\/HEADER-ORIZZONTALE.jpg","datePublished":"2026-09-02T14:19:59+00:00","dateModified":"2026-09-02T14:49:36+00:00","description":"Nous enrichissons notre collection avec trois nouveaux tissus d\u2019ameublement sign\u00e9s Kvadrat\/Raf Simons : Atom, Phlox et Vidar 4.","inLanguage":"fr-FR","potentialAction":[{"@type":"ReadAction","target":["https:\/\/www.kristalia.it\/fr\/kvadrat-raf-simons-nouveaux-tissus-premium-dans-la-collection\/"]}]},{"@type":"ImageObject","inLanguage":"fr-FR","@id":"https:\/\/www.kristalia.it\/fr\/kvadrat-raf-simons-nouveaux-tissus-premium-dans-la-collection\/#primaryimage","url":"https:\/\/www.kristalia.it\/wp-content\/uploads\/2026\/09\/HEADER-ORIZZONTALE.jpg","contentUrl":"https:\/\/www.kristalia.it\/wp-content\/uploads\/2026\/09\/HEADER-ORIZZONTALE.jpg","width":2000,"height":1125},{"@type":"WebSite","@id":"https:\/\/www.kristalia.it\/fr\/#website","url":"https:\/\/www.kristalia.it\/fr\/","name":"Kristalia. Forever furniture.","description":"Objects that interpret living.","publisher":{"@id":"https:\/\/www.kristalia.it\/fr\/#organization"},"alternateName":"Kristalia","potentialAction":[{"@type":"SearchAction","target":{"@type":"EntryPoint","urlTemplate":"https:\/\/www.kristalia.it\/fr\/?s={search_term_string}"},"query-input":"required name=search_term_string"}],"inLanguage":"fr-FR"},{"@type":"Organization","@id":"https:\/\/www.kristalia.it\/fr\/#organization","name":"Kristalia. Forever furniture.","url":"https:\/\/www.kristalia.it\/fr\/","logo":{"@type":"ImageObject","inLanguage":"fr-FR","@id":"https:\/\/www.kristalia.it\/fr\/#\/schema\/logo\/image\/","url":"https:\/\/www.kristalia.it\/wp-content\/uploads\/2023\/08\/kristalia-696.png","contentUrl":"https:\/\/www.kristalia.it\/wp-content\/uploads\/2023\/08\/kristalia-696.png","width":696,"height":696,"caption":"Kristalia. Forever furniture."},"image":{"@id":"https:\/\/www.kristalia.it\/fr\/#\/schema\/logo\/image\/"},"sameAs":["https:\/\/www.facebook.com\/kristaliadesign\/"]}]}},"_links":{"self":[{"href":"https:\/\/www.kristalia.it\/fr\/wp-json\/wp\/v2\/pages\/117098"}],"collection":[{"href":"https:\/\/www.kristalia.it\/fr\/wp-json\/wp\/v2\/pages"}],"about":[{"href":"https:\/\/www.kristalia.it\/fr\/wp-json\/wp\/v2\/types\/page"}],"author":[{"embeddable":true,"href":"https:\/\/www.kristalia.it\/fr\/wp-json\/wp\/v2\/users\/6"}],"replies":[{"embeddable":true,"href":"https:\/\/www.kristalia.it\/fr\/wp-json\/wp\/v2\/comments?post=117098"}],"version-history":[{"count":2,"href":"https:\/\/www.kristalia.it\/fr\/wp-json\/wp\/v2\/pages\/117098\/revisions"}],"predecessor-version":[{"id":117103,"href":"https:\/\/www.kristalia.it\/fr\/wp-json\/wp\/v2\/pages\/117098\/revisions\/117103"}],"wp:featuredmedia":[{"embeddable":true,"href":"https:\/\/www.kristalia.it\/fr\/wp-json\/wp\/v2\/media\/117037"}],"wp:attachment":[{"href":"https:\/\/www.kristalia.it\/fr\/wp-json\/wp\/v2\/media?parent=117098"}],"curies":[{"name":"wp","href":"https:\/\/api.w.org\/{rel}","templated":true}]}}