{"id":117090,"date":"2026-09-02T16:19:59","date_gmt":"2026-09-02T14:19:59","guid":{"rendered":"https:\/\/www.kristalia.it\/kvadrat-raf-simons-new-premium-fabrics-in-kristalia-collection\/"},"modified":"2026-09-02T16:48:20","modified_gmt":"2026-09-02T14:48:20","slug":"kvadrat-raf-simons-nuovi-tessuti-premium-in-collezione","status":"publish","type":"page","link":"https:\/\/www.kristalia.it\/it\/kvadrat-raf-simons-nuovi-tessuti-premium-in-collezione\/","title":{"rendered":"Kvadrat\/Raf Simons: nuovi tessuti premium in collezione"},"content":{"rendered":"<div class=\"wp-bootstrap-blocks-container container-fluid mb-0 p-0\">\n\t\n\n<div class=\"eiovisual-advanced-image\" id=\"block-6a98eeda2ee40\">\n    <div class=\"component-image\">\n    \n    <!-- IMAGE -->\n<figure class=\"figure image1 w-100 img-fluid pb-0 w-100 noselect\"> <!-- pb-3 pb-md-0 -->\n\n    \n\n                    <img loading=\"lazy\" decoding=\"async\" width=\"2000\" height=\"1125\" src=\"https:\/\/www.kristalia.it\/wp-content\/uploads\/2026\/09\/HEADER-ORIZZONTALE.jpg\" class=\"image w-100 img-fluid\" alt=\"\" srcset=\"https:\/\/www.kristalia.it\/wp-content\/uploads\/2026\/09\/HEADER-ORIZZONTALE.jpg 2000w, https:\/\/www.kristalia.it\/wp-content\/uploads\/2026\/09\/HEADER-ORIZZONTALE-300x169.jpg 300w, https:\/\/www.kristalia.it\/wp-content\/uploads\/2026\/09\/HEADER-ORIZZONTALE-1024x576.jpg 1024w, https:\/\/www.kristalia.it\/wp-content\/uploads\/2026\/09\/HEADER-ORIZZONTALE-768x432.jpg 768w, https:\/\/www.kristalia.it\/wp-content\/uploads\/2026\/09\/HEADER-ORIZZONTALE-1536x864.jpg 1536w, https:\/\/www.kristalia.it\/wp-content\/uploads\/2026\/09\/HEADER-ORIZZONTALE-1680x945.jpg 1680w, https:\/\/www.kristalia.it\/wp-content\/uploads\/2026\/09\/HEADER-ORIZZONTALE-1280x720.jpg 1280w, https:\/\/www.kristalia.it\/wp-content\/uploads\/2026\/09\/HEADER-ORIZZONTALE-992x558.jpg 992w, https:\/\/www.kristalia.it\/wp-content\/uploads\/2026\/09\/HEADER-ORIZZONTALE-500x281.jpg 500w, https:\/\/www.kristalia.it\/wp-content\/uploads\/2026\/09\/HEADER-ORIZZONTALE-889x500.jpg 889w\" sizes=\"(max-width: 2000px) 100vw, 2000px\" \/>        \n        <figcaption id=\"block-6a98eeda2ee40-caption\" class=\"caption m-0 noselect\">\n\n            <!-- ACTION: STANDARD LINK -->\n            \n            <!-- ACTION: LINK -->\n            \n            <!-- ACTION: POST -->\n                            \n            <!-- ACTION: GALLERY -->\n            \n                                    <a class=\"d-none\" data-title=\"https:\/\/www.kristalia.it\/wp-content\/uploads\/2026\/09\/HEADER-ORIZZONTALE.jpg\" data-fslightbox href=\"https:\/\/www.kristalia.it\/wp-content\/uploads\/2026\/09\/HEADER-ORIZZONTALE.jpg\">\n                        https:\/\/www.kristalia.it\/wp-content\/uploads\/2026\/09\/HEADER-ORIZZONTALE.jpg                    <\/a>\n                \n            \n            <!-- ELEMENT: CAPTIONS -->\n                                        \n        <\/figcaption>\n    \n<\/figure>\n<!-- \/ IMAGE -->\n\n    \n<\/div><\/div>\n<\/div>\n\n\n            \n<div class=\"eiovisual-text1 py-4 container \">\n    \n    <!-- \/\/ _______________ -->\n    <div class=\"d-block d-sm-none\" style=\"height:5px;\"><\/div>\n    <div class=\"d-none d-sm-block d-md-none\" style=\"height:10px;\"><\/div>\n    <div class=\"d-none d-md-block d-lg-none\" style=\"height:20px;\"><\/div>\n    <div class=\"d-none d-lg-block d-xl-none\" style=\"height:40px;\"><\/div>\n    <div class=\"d-none d-xl-block\" style=\"height:50px;\"><\/div>\n    <!-- \/\/ _______________ -->\n                \n<\/div>\n\n<div class=\"wp-bootstrap-blocks-container container mb-0 mb-5\">\n\t\n\n<p style=\"font-size:22px;font-style:normal;font-weight:400\">Arricchiamo la nostra collezione con tre nuovi rivestimenti firmati Kvadrat by Raf Simons: Atom, Phlox e Vidar 4. Una collaborazione speciale, che ci rende orgogliosi di poter portare questi tessuti sui nostri prodotti. Tre rivestimenti pensati per una selezione limitata di icone \u2014 su richiesta, li rendiamo disponibili anche per gli altri imbottiti.<\/p>\n\n<\/div>\n\n\n            \n<div class=\"eiovisual-text1 py-4 container \">\n    \n    <!-- \/\/ _______________ -->\n    <div class=\"d-block d-sm-none\" style=\"height:5px;\"><\/div>\n    <div class=\"d-none d-sm-block d-md-none\" style=\"height:10px;\"><\/div>\n    <div class=\"d-none d-md-block d-lg-none\" style=\"height:20px;\"><\/div>\n    <div class=\"d-none d-lg-block d-xl-none\" style=\"height:40px;\"><\/div>\n    <div class=\"d-none d-xl-block\" style=\"height:50px;\"><\/div>\n    <!-- \/\/ _______________ -->\n                \n<\/div>\n\n\n<hr class=\"wp-block-separator has-alpha-channel-opacity\"\/>\n\n\n<div class=\"wp-bootstrap-blocks-container container mb-0 p-0\">\n\t\n\n<div class=\"eiovisual-advanced-image\" id=\"block-6a98eeda36936\">\n    <div class=\"component-image\">\n    \n    <!-- IMAGE -->\n<figure class=\"figure image1 w-100 img-fluid pb-0 w-100 noselect\"> <!-- pb-3 pb-md-0 -->\n\n    \n\n                    <img loading=\"lazy\" decoding=\"async\" width=\"2000\" height=\"1125\" src=\"https:\/\/www.kristalia.it\/wp-content\/uploads\/2026\/09\/Raf-Simons.jpg\" class=\"image w-100 img-fluid\" alt=\"\" srcset=\"https:\/\/www.kristalia.it\/wp-content\/uploads\/2026\/09\/Raf-Simons.jpg 2000w, https:\/\/www.kristalia.it\/wp-content\/uploads\/2026\/09\/Raf-Simons-300x169.jpg 300w, https:\/\/www.kristalia.it\/wp-content\/uploads\/2026\/09\/Raf-Simons-1024x576.jpg 1024w, https:\/\/www.kristalia.it\/wp-content\/uploads\/2026\/09\/Raf-Simons-768x432.jpg 768w, https:\/\/www.kristalia.it\/wp-content\/uploads\/2026\/09\/Raf-Simons-1536x864.jpg 1536w, https:\/\/www.kristalia.it\/wp-content\/uploads\/2026\/09\/Raf-Simons-1680x945.jpg 1680w, https:\/\/www.kristalia.it\/wp-content\/uploads\/2026\/09\/Raf-Simons-1280x720.jpg 1280w, https:\/\/www.kristalia.it\/wp-content\/uploads\/2026\/09\/Raf-Simons-992x558.jpg 992w, https:\/\/www.kristalia.it\/wp-content\/uploads\/2026\/09\/Raf-Simons-500x281.jpg 500w, https:\/\/www.kristalia.it\/wp-content\/uploads\/2026\/09\/Raf-Simons-889x500.jpg 889w\" sizes=\"(max-width: 2000px) 100vw, 2000px\" \/>        \n        <figcaption id=\"block-6a98eeda36936-caption\" class=\"caption m-0 noselect\">\n\n            <!-- ACTION: STANDARD LINK -->\n            \n            <!-- ACTION: LINK -->\n            \n            <!-- ACTION: POST -->\n                            \n            <!-- ACTION: GALLERY -->\n            \n                                    <a class=\"d-none\" data-title=\"https:\/\/www.kristalia.it\/wp-content\/uploads\/2026\/09\/Raf-Simons.jpg\" data-fslightbox href=\"https:\/\/www.kristalia.it\/wp-content\/uploads\/2026\/09\/Raf-Simons.jpg\">\n                        https:\/\/www.kristalia.it\/wp-content\/uploads\/2026\/09\/Raf-Simons.jpg                    <\/a>\n                \n            \n            <!-- ELEMENT: CAPTIONS -->\n                                        \n        <\/figcaption>\n    \n<\/figure>\n<!-- \/ IMAGE -->\n\n    \n<\/div><\/div>\n<\/div>\n\n\n            \n<div class=\"eiovisual-text1 py-4 container \">\n    \n    <!-- \/\/ _______________ -->\n    <div class=\"d-block d-sm-none\" style=\"height:5px;\"><\/div>\n    <div class=\"d-none d-sm-block d-md-none\" style=\"height:10px;\"><\/div>\n    <div class=\"d-none d-md-block d-lg-none\" style=\"height:20px;\"><\/div>\n    <div class=\"d-none d-lg-block d-xl-none\" style=\"height:40px;\"><\/div>\n    <div class=\"d-none d-xl-block\" style=\"height:50px;\"><\/div>\n    <!-- \/\/ _______________ -->\n                \n<\/div>\n\n<div class=\"wp-bootstrap-blocks-container container mb-0\">\n\t\n\n<p style=\"font-size:16px;font-style:normal;font-weight:400\"><strong>RAF SIMONS: DAL BELGIO ALLE GRANDI MAISON<\/strong><\/p>\n\n<\/div>\n\n\n<div class=\"wp-bootstrap-blocks-container container mb-0\">\n\t\n<div class=\"wp-bootstrap-blocks-row row\">\n\t\n\n<div class=\"col-12 col-md-6\">\n\t\t\t\n\n<p style=\"font-size:16px;font-style:normal;font-weight:400\">Nato in Belgio nel 1968, Raf Simons si forma in design industriale a Genk. Si trasferisce poi ad Anversa, dove viene incoraggiato ad avviare un proprio marchio senza proseguire gli studi accademici. Nel 1995 lancia la sua linea menswear, capace di fondere sartoria classica e cultura giovanile, con un impatto che segna un intero decennio. Da allora il suo percorso attraversa alcune delle maison pi\u00f9 influenti della moda: direttore artistico di Jil Sander dal 2005, direttore creativo di Dior Women dal 2012 al 2015, Chief Creative Officer di Calvin Klein dal 2016 al 2018 \u2014 anni in cui riceve per due volte il titolo di Designer of the Year.<\/p>\n\n\t<\/div>\n\n\n\n<div class=\"col-12 col-md-6\">\n\t\t\t\n\n<p style=\"font-size:16px;font-style:normal;font-weight:400\">Dal 2020 \u00e8 Co-Direttore Creativo di Prada, al fianco di Miuccia Prada. Collezionista di arte contemporanea e design moderno, Raf Simons porta questa sensibilit\u00e0 in ogni ambito in cui lavora. Nel tempo ha coltivato con continuit\u00e0 collaborazioni interdisciplinari, muovendosi tra moda, arte e industria con lo stesso sguardo curioso.<\/p>\n\n\t<\/div>\n\n<\/div>\n\n<\/div>\n\n\n            \n<div class=\"eiovisual-text1 py-4 container \">\n    \n    <!-- \/\/ _______________ -->\n    <div class=\"d-block d-sm-none\" style=\"height:5px;\"><\/div>\n    <div class=\"d-none d-sm-block d-md-none\" style=\"height:10px;\"><\/div>\n    <div class=\"d-none d-md-block d-lg-none\" style=\"height:20px;\"><\/div>\n    <div class=\"d-none d-lg-block d-xl-none\" style=\"height:40px;\"><\/div>\n    <div class=\"d-none d-xl-block\" style=\"height:50px;\"><\/div>\n    <!-- \/\/ _______________ -->\n                \n<\/div>\n\n\n<hr class=\"wp-block-separator has-alpha-channel-opacity is-style-default\"\/>\n\n\n<div class=\"wp-bootstrap-blocks-container container mb-0\">\n\t\n<div class=\"wp-bootstrap-blocks-row row\">\n\t\n\n<div class=\"col-12 col-md-4\">\n\t\t\t\n\n<div class=\"eiovisual-advanced-image\" id=\"block-6a98eeda3982a\">\n    <div class=\"component-image\">\n    \n    <!-- IMAGE -->\n<figure class=\"figure image1 w-100 img-fluid pb-0 w-100 noselect\"> <!-- pb-3 pb-md-0 -->\n\n    \n\n                    <img loading=\"lazy\" decoding=\"async\" width=\"1600\" height=\"800\" src=\"https:\/\/www.kristalia.it\/wp-content\/uploads\/2026\/09\/ATOM-1.jpg\" class=\"image w-100 img-fluid\" alt=\"\" srcset=\"https:\/\/www.kristalia.it\/wp-content\/uploads\/2026\/09\/ATOM-1.jpg 1600w, https:\/\/www.kristalia.it\/wp-content\/uploads\/2026\/09\/ATOM-1-300x150.jpg 300w, https:\/\/www.kristalia.it\/wp-content\/uploads\/2026\/09\/ATOM-1-1024x512.jpg 1024w, https:\/\/www.kristalia.it\/wp-content\/uploads\/2026\/09\/ATOM-1-768x384.jpg 768w, https:\/\/www.kristalia.it\/wp-content\/uploads\/2026\/09\/ATOM-1-1536x768.jpg 1536w, https:\/\/www.kristalia.it\/wp-content\/uploads\/2026\/09\/ATOM-1-1280x640.jpg 1280w, https:\/\/www.kristalia.it\/wp-content\/uploads\/2026\/09\/ATOM-1-992x496.jpg 992w, https:\/\/www.kristalia.it\/wp-content\/uploads\/2026\/09\/ATOM-1-500x250.jpg 500w, https:\/\/www.kristalia.it\/wp-content\/uploads\/2026\/09\/ATOM-1-1000x500.jpg 1000w\" sizes=\"(max-width: 1600px) 100vw, 1600px\" \/>        \n        <figcaption id=\"block-6a98eeda3982a-caption\" class=\"caption m-0 noselect\">\n\n            <!-- ACTION: STANDARD LINK -->\n            \n            <!-- ACTION: LINK -->\n            \n            <!-- ACTION: POST -->\n                            \n            <!-- ACTION: GALLERY -->\n            \n                                    <a class=\"d-none\" data-title=\"https:\/\/www.kristalia.it\/wp-content\/uploads\/2026\/09\/ATOM-1.jpg\" data-fslightbox href=\"https:\/\/www.kristalia.it\/wp-content\/uploads\/2026\/09\/ATOM-1.jpg\">\n                        https:\/\/www.kristalia.it\/wp-content\/uploads\/2026\/09\/ATOM-1.jpg                    <\/a>\n                \n            \n            <!-- ELEMENT: CAPTIONS -->\n                                        \n        <\/figcaption>\n    \n<\/figure>\n<!-- \/ IMAGE -->\n\n    \n<\/div><\/div>\n\n\n<div style=\"height:25px\" aria-hidden=\"true\" class=\"wp-block-spacer\"><\/div>\n\n\n\n<p style=\"font-size:16px;font-style:normal;font-weight:400\"><strong>ATOM<\/strong><\/p>\n\n\n\n<p style=\"font-size:16px;font-style:normal;font-weight:400\">Un boucl\u00e9 sperimentale, senza ripetizione visibile, ispirato ai frammenti di paesaggio delle pitture puntiniste ed espressioniste. Piccole macchie di colore sono disperse sulla superficie in modo quasi casuale. Filati audaci e contrastanti \u2014 blu anatra e bordeaux su nero, giallo acceso e grigio su verde foresta \u2014 raccontano il modo in cui Simons lavora con il colore; le combinazioni pi\u00f9 sobrie hanno invece un carattere pi\u00f9 classico.<\/p>\n\n\t<\/div>\n\n\n\n<div class=\"col-12 col-md-4\">\n\t\t\t\n\n<div class=\"eiovisual-advanced-image\" id=\"block-6a98eeda3b60e\">\n    <div class=\"component-image\">\n    \n    <!-- IMAGE -->\n<figure class=\"figure image1 w-100 img-fluid pb-0 w-100 noselect\"> <!-- pb-3 pb-md-0 -->\n\n    \n\n                    <img loading=\"lazy\" decoding=\"async\" width=\"1600\" height=\"800\" src=\"https:\/\/www.kristalia.it\/wp-content\/uploads\/2026\/09\/PHLOX-1.jpg\" class=\"image w-100 img-fluid\" alt=\"\" srcset=\"https:\/\/www.kristalia.it\/wp-content\/uploads\/2026\/09\/PHLOX-1.jpg 1600w, https:\/\/www.kristalia.it\/wp-content\/uploads\/2026\/09\/PHLOX-1-300x150.jpg 300w, https:\/\/www.kristalia.it\/wp-content\/uploads\/2026\/09\/PHLOX-1-1024x512.jpg 1024w, https:\/\/www.kristalia.it\/wp-content\/uploads\/2026\/09\/PHLOX-1-768x384.jpg 768w, https:\/\/www.kristalia.it\/wp-content\/uploads\/2026\/09\/PHLOX-1-1536x768.jpg 1536w, https:\/\/www.kristalia.it\/wp-content\/uploads\/2026\/09\/PHLOX-1-1280x640.jpg 1280w, https:\/\/www.kristalia.it\/wp-content\/uploads\/2026\/09\/PHLOX-1-992x496.jpg 992w, https:\/\/www.kristalia.it\/wp-content\/uploads\/2026\/09\/PHLOX-1-500x250.jpg 500w, https:\/\/www.kristalia.it\/wp-content\/uploads\/2026\/09\/PHLOX-1-1000x500.jpg 1000w\" sizes=\"(max-width: 1600px) 100vw, 1600px\" \/>        \n        <figcaption id=\"block-6a98eeda3b60e-caption\" class=\"caption m-0 noselect\">\n\n            <!-- ACTION: STANDARD LINK -->\n            \n            <!-- ACTION: LINK -->\n            \n            <!-- ACTION: POST -->\n                            \n            <!-- ACTION: GALLERY -->\n            \n                                    <a class=\"d-none\" data-title=\"https:\/\/www.kristalia.it\/wp-content\/uploads\/2026\/09\/PHLOX-1.jpg\" data-fslightbox href=\"https:\/\/www.kristalia.it\/wp-content\/uploads\/2026\/09\/PHLOX-1.jpg\">\n                        https:\/\/www.kristalia.it\/wp-content\/uploads\/2026\/09\/PHLOX-1.jpg                    <\/a>\n                \n            \n            <!-- ELEMENT: CAPTIONS -->\n                                        \n        <\/figcaption>\n    \n<\/figure>\n<!-- \/ IMAGE -->\n\n    \n<\/div><\/div>\n\n\n<div style=\"height:25px\" aria-hidden=\"true\" class=\"wp-block-spacer\"><\/div>\n\n\n\n<p style=\"font-size:16px;font-style:normal;font-weight:400\"><strong>PHLOX<\/strong><\/p>\n\n\n\n<p style=\"font-size:16px;font-style:normal;font-weight:400\">La lettura che Simons d\u00e0 del velluto a coste. Un tessuto a costa larga, dal carattere grafico e tridimensionale. La palette va da toni intensi e floreali \u2014 rossi, verdi, blu decisi, che richiamano gli anni &#8217;70 \u2014 a una serie di neutri, blu profondi e verdi pi\u00f9 quieti. Una leggera iridescenza aggiunge profondit\u00e0 a un tessuto morbido al tatto.<\/p>\n\n\t<\/div>\n\n\n\n<div class=\"col-12 col-md-4\">\n\t\t\t\n\n<div class=\"eiovisual-advanced-image\" id=\"block-6a98eeda3f7f6\">\n    <div class=\"component-image\">\n    \n    <!-- IMAGE -->\n<figure class=\"figure image1 w-100 img-fluid pb-0 w-100 noselect\"> <!-- pb-3 pb-md-0 -->\n\n    \n\n                    <img loading=\"lazy\" decoding=\"async\" width=\"1600\" height=\"800\" src=\"https:\/\/www.kristalia.it\/wp-content\/uploads\/2026\/09\/VIDAR4-1.jpg\" class=\"image w-100 img-fluid\" alt=\"\" srcset=\"https:\/\/www.kristalia.it\/wp-content\/uploads\/2026\/09\/VIDAR4-1.jpg 1600w, https:\/\/www.kristalia.it\/wp-content\/uploads\/2026\/09\/VIDAR4-1-300x150.jpg 300w, https:\/\/www.kristalia.it\/wp-content\/uploads\/2026\/09\/VIDAR4-1-1024x512.jpg 1024w, https:\/\/www.kristalia.it\/wp-content\/uploads\/2026\/09\/VIDAR4-1-768x384.jpg 768w, https:\/\/www.kristalia.it\/wp-content\/uploads\/2026\/09\/VIDAR4-1-1536x768.jpg 1536w, https:\/\/www.kristalia.it\/wp-content\/uploads\/2026\/09\/VIDAR4-1-1280x640.jpg 1280w, https:\/\/www.kristalia.it\/wp-content\/uploads\/2026\/09\/VIDAR4-1-992x496.jpg 992w, https:\/\/www.kristalia.it\/wp-content\/uploads\/2026\/09\/VIDAR4-1-500x250.jpg 500w, https:\/\/www.kristalia.it\/wp-content\/uploads\/2026\/09\/VIDAR4-1-1000x500.jpg 1000w\" sizes=\"(max-width: 1600px) 100vw, 1600px\" \/>        \n        <figcaption id=\"block-6a98eeda3f7f6-caption\" class=\"caption m-0 noselect\">\n\n            <!-- ACTION: STANDARD LINK -->\n            \n            <!-- ACTION: LINK -->\n            \n            <!-- ACTION: POST -->\n                            \n            <!-- ACTION: GALLERY -->\n            \n                                    <a class=\"d-none\" data-title=\"https:\/\/www.kristalia.it\/wp-content\/uploads\/2026\/09\/VIDAR4-1.jpg\" data-fslightbox href=\"https:\/\/www.kristalia.it\/wp-content\/uploads\/2026\/09\/VIDAR4-1.jpg\">\n                        https:\/\/www.kristalia.it\/wp-content\/uploads\/2026\/09\/VIDAR4-1.jpg                    <\/a>\n                \n            \n            <!-- ELEMENT: CAPTIONS -->\n                                        \n        <\/figcaption>\n    \n<\/figure>\n<!-- \/ IMAGE -->\n\n    \n<\/div><\/div>\n\n\n<div style=\"height:25px\" aria-hidden=\"true\" class=\"wp-block-spacer\"><\/div>\n\n\n\n<p style=\"font-size:16px;font-style:normal;font-weight:400\"><strong>VIDAR 4<\/strong><\/p>\n\n\n\n<p style=\"font-size:16px;font-style:normal;font-weight:400\">Disegnato originariamente da Fanny Aronsen, Vidar 4 viene ricolorato da Raf Simons: verde muschio, melanzana scura, rosso rubino, blu notte, fino a toni mattone, terra e neutri. La finitura satinata della superficie contrasta con le tonalit\u00e0 pi\u00f9 profonde in ombra. Fitto e regolare, senza le irregolarit\u00e0 degli altri boucl\u00e9 della collezione, ha una texture che ricorda la mora, la buccia d&#8217;arancia, o la trama di un maglione conosciuto.<\/p>\n\n\n\n<p>\u00ad<\/p>\n\n\t<\/div>\n\n<\/div>\n\n<\/div>\n\n\n            \n<div class=\"eiovisual-text1 py-4 container \">\n    \n    <!-- \/\/ _______________ -->\n    <div class=\"d-block d-sm-none\" style=\"height:5px;\"><\/div>\n    <div class=\"d-none d-sm-block d-md-none\" style=\"height:10px;\"><\/div>\n    <div class=\"d-none d-md-block d-lg-none\" style=\"height:20px;\"><\/div>\n    <div class=\"d-none d-lg-block d-xl-none\" style=\"height:40px;\"><\/div>\n    <div class=\"d-none d-xl-block\" style=\"height:50px;\"><\/div>\n    <!-- \/\/ _______________ -->\n                \n<\/div>","protected":false},"excerpt":{"rendered":"","protected":false},"author":6,"featured_media":117039,"parent":0,"menu_order":0,"comment_status":"closed","ping_status":"closed","template":"","meta":{"_acf_changed":false,"inline_featured_image":false,"wp_popup_display_lightbox":0,"wp_popup_suppress":"","wp_popup_trigger":"","wp_popup_trigger_amount":0,"wp_popup_disable_on_mobile":false,"footnotes":""},"acf":[],"yoast_head":"<!-- This site is optimized with the Yoast SEO plugin v22.4 - https:\/\/yoast.com\/wordpress\/plugins\/seo\/ -->\n<title>Kvadrat\/Raf Simons: nuovi tessuti premium in collezione<\/title>\n<meta name=\"description\" content=\"Arricchiamo la nostra collezione con tre nuovi rivestimenti firmati Kvadrat by Raf Simons: Atom, Phlox e Vidar 4.\" \/>\n<meta name=\"robots\" content=\"index, follow, max-snippet:-1, max-image-preview:large, max-video-preview:-1\" \/>\n<link rel=\"canonical\" href=\"https:\/\/www.kristalia.it\/it\/kvadrat-raf-simons-nuovi-tessuti-premium-in-collezione\/\" \/>\n<meta property=\"og:locale\" content=\"it_IT\" \/>\n<meta property=\"og:type\" content=\"article\" \/>\n<meta property=\"og:title\" content=\"Kvadrat\/Raf Simons: nuovi tessuti premium in collezione\" \/>\n<meta property=\"og:description\" content=\"Arricchiamo la nostra collezione con tre nuovi rivestimenti firmati Kvadrat by Raf Simons: Atom, Phlox e Vidar 4.\" \/>\n<meta property=\"og:url\" content=\"https:\/\/www.kristalia.it\/it\/kvadrat-raf-simons-nuovi-tessuti-premium-in-collezione\/\" \/>\n<meta property=\"og:site_name\" content=\"Kristalia\" \/>\n<meta property=\"article:publisher\" content=\"https:\/\/www.facebook.com\/kristaliadesign\/\" \/>\n<meta property=\"article:modified_time\" content=\"2026-09-02T14:48:20+00:00\" \/>\n<meta property=\"og:image\" content=\"https:\/\/www.kristalia.it\/wp-content\/uploads\/2026\/09\/HEADER-ORIZZONTALE.jpg\" \/>\n\t<meta property=\"og:image:width\" content=\"2000\" \/>\n\t<meta property=\"og:image:height\" content=\"1125\" \/>\n\t<meta property=\"og:image:type\" content=\"image\/jpeg\" \/>\n<meta name=\"twitter:card\" content=\"summary_large_image\" \/>\n<meta name=\"twitter:label1\" content=\"Tempo di lettura stimato\" \/>\n\t<meta name=\"twitter:data1\" content=\"4 minuti\" \/>\n<script type=\"application\/ld+json\" class=\"yoast-schema-graph\">{\"@context\":\"https:\/\/schema.org\",\"@graph\":[{\"@type\":\"WebPage\",\"@id\":\"https:\/\/www.kristalia.it\/it\/kvadrat-raf-simons-nuovi-tessuti-premium-in-collezione\/\",\"url\":\"https:\/\/www.kristalia.it\/it\/kvadrat-raf-simons-nuovi-tessuti-premium-in-collezione\/\",\"name\":\"Kvadrat\/Raf Simons: nuovi tessuti premium in collezione\",\"isPartOf\":{\"@id\":\"https:\/\/www.kristalia.it\/it\/#website\"},\"primaryImageOfPage\":{\"@id\":\"https:\/\/www.kristalia.it\/it\/kvadrat-raf-simons-nuovi-tessuti-premium-in-collezione\/#primaryimage\"},\"image\":{\"@id\":\"https:\/\/www.kristalia.it\/it\/kvadrat-raf-simons-nuovi-tessuti-premium-in-collezione\/#primaryimage\"},\"thumbnailUrl\":\"https:\/\/www.kristalia.it\/wp-content\/uploads\/2026\/09\/HEADER-ORIZZONTALE.jpg\",\"datePublished\":\"2026-09-02T14:19:59+00:00\",\"dateModified\":\"2026-09-02T14:48:20+00:00\",\"description\":\"Arricchiamo la nostra collezione con tre nuovi rivestimenti firmati Kvadrat by Raf Simons: Atom, Phlox e Vidar 4.\",\"inLanguage\":\"it-IT\",\"potentialAction\":[{\"@type\":\"ReadAction\",\"target\":[\"https:\/\/www.kristalia.it\/it\/kvadrat-raf-simons-nuovi-tessuti-premium-in-collezione\/\"]}]},{\"@type\":\"ImageObject\",\"inLanguage\":\"it-IT\",\"@id\":\"https:\/\/www.kristalia.it\/it\/kvadrat-raf-simons-nuovi-tessuti-premium-in-collezione\/#primaryimage\",\"url\":\"https:\/\/www.kristalia.it\/wp-content\/uploads\/2026\/09\/HEADER-ORIZZONTALE.jpg\",\"contentUrl\":\"https:\/\/www.kristalia.it\/wp-content\/uploads\/2026\/09\/HEADER-ORIZZONTALE.jpg\",\"width\":2000,\"height\":1125},{\"@type\":\"WebSite\",\"@id\":\"https:\/\/www.kristalia.it\/it\/#website\",\"url\":\"https:\/\/www.kristalia.it\/it\/\",\"name\":\"Kristalia. Forever furniture.\",\"description\":\"Objects that interpret living.\",\"publisher\":{\"@id\":\"https:\/\/www.kristalia.it\/it\/#organization\"},\"alternateName\":\"Kristalia\",\"potentialAction\":[{\"@type\":\"SearchAction\",\"target\":{\"@type\":\"EntryPoint\",\"urlTemplate\":\"https:\/\/www.kristalia.it\/it\/?s={search_term_string}\"},\"query-input\":\"required name=search_term_string\"}],\"inLanguage\":\"it-IT\"},{\"@type\":\"Organization\",\"@id\":\"https:\/\/www.kristalia.it\/it\/#organization\",\"name\":\"Kristalia. Forever furniture.\",\"url\":\"https:\/\/www.kristalia.it\/it\/\",\"logo\":{\"@type\":\"ImageObject\",\"inLanguage\":\"it-IT\",\"@id\":\"https:\/\/www.kristalia.it\/it\/#\/schema\/logo\/image\/\",\"url\":\"https:\/\/www.kristalia.it\/wp-content\/uploads\/2023\/08\/kristalia-696.png\",\"contentUrl\":\"https:\/\/www.kristalia.it\/wp-content\/uploads\/2023\/08\/kristalia-696.png\",\"width\":696,\"height\":696,\"caption\":\"Kristalia. Forever furniture.\"},\"image\":{\"@id\":\"https:\/\/www.kristalia.it\/it\/#\/schema\/logo\/image\/\"},\"sameAs\":[\"https:\/\/www.facebook.com\/kristaliadesign\/\"]}]}<\/script>\n<!-- \/ Yoast SEO plugin. -->","yoast_head_json":{"title":"Kvadrat\/Raf Simons: nuovi tessuti premium in collezione","description":"Arricchiamo la nostra collezione con tre nuovi rivestimenti firmati Kvadrat by Raf Simons: Atom, Phlox e Vidar 4.","robots":{"index":"index","follow":"follow","max-snippet":"max-snippet:-1","max-image-preview":"max-image-preview:large","max-video-preview":"max-video-preview:-1"},"canonical":"https:\/\/www.kristalia.it\/it\/kvadrat-raf-simons-nuovi-tessuti-premium-in-collezione\/","og_locale":"it_IT","og_type":"article","og_title":"Kvadrat\/Raf Simons: nuovi tessuti premium in collezione","og_description":"Arricchiamo la nostra collezione con tre nuovi rivestimenti firmati Kvadrat by Raf Simons: Atom, Phlox e Vidar 4.","og_url":"https:\/\/www.kristalia.it\/it\/kvadrat-raf-simons-nuovi-tessuti-premium-in-collezione\/","og_site_name":"Kristalia","article_publisher":"https:\/\/www.facebook.com\/kristaliadesign\/","article_modified_time":"2026-09-02T14:48:20+00:00","og_image":[{"width":2000,"height":1125,"url":"https:\/\/www.kristalia.it\/wp-content\/uploads\/2026\/09\/HEADER-ORIZZONTALE.jpg","type":"image\/jpeg"}],"twitter_card":"summary_large_image","twitter_misc":{"Tempo di lettura stimato":"4 minuti"},"schema":{"@context":"https:\/\/schema.org","@graph":[{"@type":"WebPage","@id":"https:\/\/www.kristalia.it\/it\/kvadrat-raf-simons-nuovi-tessuti-premium-in-collezione\/","url":"https:\/\/www.kristalia.it\/it\/kvadrat-raf-simons-nuovi-tessuti-premium-in-collezione\/","name":"Kvadrat\/Raf Simons: nuovi tessuti premium in collezione","isPartOf":{"@id":"https:\/\/www.kristalia.it\/it\/#website"},"primaryImageOfPage":{"@id":"https:\/\/www.kristalia.it\/it\/kvadrat-raf-simons-nuovi-tessuti-premium-in-collezione\/#primaryimage"},"image":{"@id":"https:\/\/www.kristalia.it\/it\/kvadrat-raf-simons-nuovi-tessuti-premium-in-collezione\/#primaryimage"},"thumbnailUrl":"https:\/\/www.kristalia.it\/wp-content\/uploads\/2026\/09\/HEADER-ORIZZONTALE.jpg","datePublished":"2026-09-02T14:19:59+00:00","dateModified":"2026-09-02T14:48:20+00:00","description":"Arricchiamo la nostra collezione con tre nuovi rivestimenti firmati Kvadrat by Raf Simons: Atom, Phlox e Vidar 4.","inLanguage":"it-IT","potentialAction":[{"@type":"ReadAction","target":["https:\/\/www.kristalia.it\/it\/kvadrat-raf-simons-nuovi-tessuti-premium-in-collezione\/"]}]},{"@type":"ImageObject","inLanguage":"it-IT","@id":"https:\/\/www.kristalia.it\/it\/kvadrat-raf-simons-nuovi-tessuti-premium-in-collezione\/#primaryimage","url":"https:\/\/www.kristalia.it\/wp-content\/uploads\/2026\/09\/HEADER-ORIZZONTALE.jpg","contentUrl":"https:\/\/www.kristalia.it\/wp-content\/uploads\/2026\/09\/HEADER-ORIZZONTALE.jpg","width":2000,"height":1125},{"@type":"WebSite","@id":"https:\/\/www.kristalia.it\/it\/#website","url":"https:\/\/www.kristalia.it\/it\/","name":"Kristalia. Forever furniture.","description":"Objects that interpret living.","publisher":{"@id":"https:\/\/www.kristalia.it\/it\/#organization"},"alternateName":"Kristalia","potentialAction":[{"@type":"SearchAction","target":{"@type":"EntryPoint","urlTemplate":"https:\/\/www.kristalia.it\/it\/?s={search_term_string}"},"query-input":"required name=search_term_string"}],"inLanguage":"it-IT"},{"@type":"Organization","@id":"https:\/\/www.kristalia.it\/it\/#organization","name":"Kristalia. Forever furniture.","url":"https:\/\/www.kristalia.it\/it\/","logo":{"@type":"ImageObject","inLanguage":"it-IT","@id":"https:\/\/www.kristalia.it\/it\/#\/schema\/logo\/image\/","url":"https:\/\/www.kristalia.it\/wp-content\/uploads\/2023\/08\/kristalia-696.png","contentUrl":"https:\/\/www.kristalia.it\/wp-content\/uploads\/2023\/08\/kristalia-696.png","width":696,"height":696,"caption":"Kristalia. Forever furniture."},"image":{"@id":"https:\/\/www.kristalia.it\/it\/#\/schema\/logo\/image\/"},"sameAs":["https:\/\/www.facebook.com\/kristaliadesign\/"]}]}},"_links":{"self":[{"href":"https:\/\/www.kristalia.it\/it\/wp-json\/wp\/v2\/pages\/117090"}],"collection":[{"href":"https:\/\/www.kristalia.it\/it\/wp-json\/wp\/v2\/pages"}],"about":[{"href":"https:\/\/www.kristalia.it\/it\/wp-json\/wp\/v2\/types\/page"}],"author":[{"embeddable":true,"href":"https:\/\/www.kristalia.it\/it\/wp-json\/wp\/v2\/users\/6"}],"replies":[{"embeddable":true,"href":"https:\/\/www.kristalia.it\/it\/wp-json\/wp\/v2\/comments?post=117090"}],"version-history":[{"count":2,"href":"https:\/\/www.kristalia.it\/it\/wp-json\/wp\/v2\/pages\/117090\/revisions"}],"predecessor-version":[{"id":117102,"href":"https:\/\/www.kristalia.it\/it\/wp-json\/wp\/v2\/pages\/117090\/revisions\/117102"}],"wp:featuredmedia":[{"embeddable":true,"href":"https:\/\/www.kristalia.it\/it\/wp-json\/wp\/v2\/media\/117039"}],"wp:attachment":[{"href":"https:\/\/www.kristalia.it\/it\/wp-json\/wp\/v2\/media?parent=117090"}],"curies":[{"name":"wp","href":"https:\/\/api.w.org\/{rel}","templated":true}]}}